{"id":9196,"date":"2022-08-09T20:45:08","date_gmt":"2022-08-09T23:45:08","guid":{"rendered":"https:\/\/www.auxiliadorapredial.com.br\/blog\/?page_id=9196"},"modified":"2024-12-13T08:05:34","modified_gmt":"2024-12-13T11:05:34","slug":"new-home","status":"publish","type":"page","link":"https:\/\/auxiliadorapredial.com.br\/blog\/","title":{"rendered":"Home"},"content":{"rendered":"\t\t<div data-elementor-type=\"wp-page\" data-elementor-id=\"9196\" class=\"elementor elementor-9196\">\n\t\t\t\t\t\t<section class=\"elementor-section elementor-top-section elementor-element elementor-element-fb5a861 elementor-section-boxed elementor-section-height-default elementor-section-height-default elementor-invisible\" data-id=\"fb5a861\" data-element_type=\"section\" data-settings=\"{&quot;background_background&quot;:&quot;classic&quot;,&quot;animation&quot;:&quot;fadeIn&quot;,&quot;animation_delay&quot;:150}\">\n\t\t\t\t\t\t<div class=\"elementor-container elementor-column-gap-default\">\n\t\t\t\t\t<div class=\"elementor-column elementor-col-100 elementor-top-column elementor-element elementor-element-308ff5d\" data-id=\"308ff5d\" data-element_type=\"column\">\n\t\t\t<div class=\"elementor-widget-wrap elementor-element-populated\">\n\t\t\t\t\t\t<div class=\"elementor-element elementor-element-7c23176 elementor-grid-1 elementor-posts--thumbnail-right elementor-posts--align-left elementor-grid-tablet-1 elementor-grid-mobile-1 elementor-widget elementor-widget-posts\" data-id=\"7c23176\" data-element_type=\"widget\" id=\"banner-post\" data-settings=\"{&quot;classic_columns&quot;:&quot;1&quot;,&quot;classic_row_gap&quot;:{&quot;unit&quot;:&quot;px&quot;,&quot;size&quot;:0,&quot;sizes&quot;:[]},&quot;classic_columns_tablet&quot;:&quot;1&quot;,&quot;_animation&quot;:&quot;none&quot;,&quot;classic_columns_mobile&quot;:&quot;1&quot;,&quot;classic_row_gap_tablet&quot;:{&quot;unit&quot;:&quot;px&quot;,&quot;size&quot;:&quot;&quot;,&quot;sizes&quot;:[]},&quot;classic_row_gap_mobile&quot;:{&quot;unit&quot;:&quot;px&quot;,&quot;size&quot;:&quot;&quot;,&quot;sizes&quot;:[]}}\" data-widget_type=\"posts.classic\">\n\t\t\t\t<div class=\"elementor-widget-container\">\n\t\t\t\t\t<div class=\"elementor-posts-container elementor-posts elementor-posts--skin-classic elementor-grid\">\r\n\t\t\t\t<article class=\"elementor-post elementor-grid-item post-17457 post type-post status-publish format-standard has-post-thumbnail hentry category-mercado-imobiliario\">\r\n\t\t\t\t<a class=\"elementor-post__thumbnail__link\" href=\"https:\/\/auxiliadorapredial.com.br\/blog\/inadimplencia-em-condominios-por-que-ela-acontece-e-como-uma-gestao-estruturada-evita-que-vire-um-problema-maior\/\" >\r\n\t\t\t<div class=\"elementor-post__thumbnail\"><img fetchpriority=\"high\" decoding=\"async\" width=\"2560\" height=\"1690\" src=\"https:\/\/auxiliadorapredial.com.br\/blog\/wp-content\/uploads\/Inadimplencia-em-condominios-1-scaled.jpg\" class=\"attachment-full size-full wp-image-17462\" alt=\"Inadimpl\u00eancia em condom\u00ednios\" srcset=\"https:\/\/auxiliadorapredial.com.br\/blog\/wp-content\/uploads\/Inadimplencia-em-condominios-1-scaled.jpg 2560w, https:\/\/auxiliadorapredial.com.br\/blog\/wp-content\/uploads\/Inadimplencia-em-condominios-1-300x198.jpg 300w, https:\/\/auxiliadorapredial.com.br\/blog\/wp-content\/uploads\/Inadimplencia-em-condominios-1-1024x676.jpg 1024w, https:\/\/auxiliadorapredial.com.br\/blog\/wp-content\/uploads\/Inadimplencia-em-condominios-1-768x507.jpg 768w, https:\/\/auxiliadorapredial.com.br\/blog\/wp-content\/uploads\/Inadimplencia-em-condominios-1-1536x1014.jpg 1536w, https:\/\/auxiliadorapredial.com.br\/blog\/wp-content\/uploads\/Inadimplencia-em-condominios-1-2048x1352.jpg 2048w\" sizes=\"(max-width: 2560px) 100vw, 2560px\" \/><\/div>\r\n\t\t<\/a>\r\n\t\t\t\t<div class=\"elementor-post__text\">\r\n\t\t\t\t<h2 class=\"elementor-post__title\">\r\n\t\t\t<a href=\"https:\/\/auxiliadorapredial.com.br\/blog\/inadimplencia-em-condominios-por-que-ela-acontece-e-como-uma-gestao-estruturada-evita-que-vire-um-problema-maior\/\" >\r\n\t\t\t\tInadimpl\u00eancia em condom\u00ednios: por que ela acontece e como uma gest\u00e3o estruturada evita que vire um problema maior\t\t\t<\/a>\r\n\t\t<\/h2>\r\n\t\t\t\t<div class=\"elementor-post__excerpt\">\r\n\t\t\t<p>Quando a inadimpl\u00eancia deixa de ser pontual e come\u00e7a a comprometer o condom\u00ednio . A inadimpl\u00eancia \u00e9 um dos temas mais sens\u00edveis<\/p>\n\t\t<\/div>\r\n\t\t\t\t\t<div class=\"elementor-post__read-more-wrapper\">\r\n\t\t\r\n\t\t<a class=\"elementor-post__read-more\" href=\"https:\/\/auxiliadorapredial.com.br\/blog\/inadimplencia-em-condominios-por-que-ela-acontece-e-como-uma-gestao-estruturada-evita-que-vire-um-problema-maior\/\" >\r\n\t\t\tContinuar Lendo \u00bb\t\t<\/a>\r\n\r\n\t\t\t\t\t<\/div>\r\n\t\t\t\t<\/div>\r\n\t\t\t\t<\/article>\r\n\t\t\t\t<\/div>\r\n\r\n\r\n\t\t\r\n\t\t\t\t<\/div>\n\t\t\t\t<\/div>\n\t\t\t\t\t<\/div>\n\t\t<\/div>\n\t\t\t\t\t<\/div>\n\t\t<\/section>\n\t\t\t\t<section class=\"elementor-section elementor-top-section elementor-element elementor-element-152d865 elementor-section-height-min-height elementor-section-boxed elementor-section-height-default elementor-section-items-middle\" data-id=\"152d865\" data-element_type=\"section\" id=\"list-posts\" data-settings=\"{&quot;animation&quot;:&quot;none&quot;,&quot;animation_delay&quot;:0}\">\n\t\t\t\t\t\t<div class=\"elementor-container elementor-column-gap-default\">\n\t\t\t\t\t<div class=\"elementor-column elementor-col-100 elementor-top-column elementor-element elementor-element-66ca484\" data-id=\"66ca484\" data-element_type=\"column\">\n\t\t\t<div class=\"elementor-widget-wrap elementor-element-populated\">\n\t\t\t\t\t\t<div class=\"elementor-element elementor-element-ee11275 elementor-hidden-tablet elementor-hidden-mobile elementor-widget elementor-widget-heading\" data-id=\"ee11275\" data-element_type=\"widget\" id=\"text-destaques\" data-widget_type=\"heading.default\">\n\t\t\t\t<div class=\"elementor-widget-container\">\n\t\t\t<h2 class=\"elementor-heading-title elementor-size-default\">Destaques<\/h2>\t\t<\/div>\n\t\t\t\t<\/div>\n\t\t\t\t<div class=\"elementor-element elementor-element-9394ff5 elementor-grid-1 elementor-posts--align-left elementor-grid-tablet-2 elementor-grid-mobile-1 elementor-posts--thumbnail-top elementor-widget elementor-widget-global elementor-global-10513 elementor-widget-posts\" data-id=\"9394ff5\" data-element_type=\"widget\" id=\"artigos-relacionados\" data-settings=\"{&quot;classic_columns&quot;:&quot;1&quot;,&quot;classic_row_gap&quot;:{&quot;unit&quot;:&quot;px&quot;,&quot;size&quot;:12,&quot;sizes&quot;:[]},&quot;classic_columns_tablet&quot;:&quot;2&quot;,&quot;classic_columns_mobile&quot;:&quot;1&quot;,&quot;classic_row_gap_tablet&quot;:{&quot;unit&quot;:&quot;px&quot;,&quot;size&quot;:&quot;&quot;,&quot;sizes&quot;:[]},&quot;classic_row_gap_mobile&quot;:{&quot;unit&quot;:&quot;px&quot;,&quot;size&quot;:&quot;&quot;,&quot;sizes&quot;:[]}}\" data-widget_type=\"posts.classic\">\n\t\t\t\t<div class=\"elementor-widget-container\">\n\t\t\t\t\t<div class=\"elementor-posts-container elementor-posts elementor-posts--skin-classic elementor-grid\">\r\n\t\t\t\t<article class=\"elementor-post elementor-grid-item post-17457 post type-post status-publish format-standard has-post-thumbnail hentry category-mercado-imobiliario\">\r\n\t\t\t\t<a class=\"elementor-post__thumbnail__link\" href=\"https:\/\/auxiliadorapredial.com.br\/blog\/inadimplencia-em-condominios-por-que-ela-acontece-e-como-uma-gestao-estruturada-evita-que-vire-um-problema-maior\/\" target=&quot;_blank&quot;>\r\n\t\t\t<div class=\"elementor-post__thumbnail\"><img decoding=\"async\" width=\"800\" height=\"528\" src=\"https:\/\/auxiliadorapredial.com.br\/blog\/wp-content\/uploads\/Inadimplencia-em-condominios-1-1024x676.jpg\" class=\"attachment-large size-large wp-image-17462\" alt=\"Inadimpl\u00eancia em condom\u00ednios\" srcset=\"https:\/\/auxiliadorapredial.com.br\/blog\/wp-content\/uploads\/Inadimplencia-em-condominios-1-1024x676.jpg 1024w, https:\/\/auxiliadorapredial.com.br\/blog\/wp-content\/uploads\/Inadimplencia-em-condominios-1-300x198.jpg 300w, https:\/\/auxiliadorapredial.com.br\/blog\/wp-content\/uploads\/Inadimplencia-em-condominios-1-768x507.jpg 768w, https:\/\/auxiliadorapredial.com.br\/blog\/wp-content\/uploads\/Inadimplencia-em-condominios-1-1536x1014.jpg 1536w, https:\/\/auxiliadorapredial.com.br\/blog\/wp-content\/uploads\/Inadimplencia-em-condominios-1-2048x1352.jpg 2048w\" sizes=\"(max-width: 800px) 100vw, 800px\" \/><\/div>\r\n\t\t<\/a>\r\n\t\t\t\t<div class=\"elementor-post__text\">\r\n\t\t\t\t<h3 class=\"elementor-post__title\">\r\n\t\t\t<a href=\"https:\/\/auxiliadorapredial.com.br\/blog\/inadimplencia-em-condominios-por-que-ela-acontece-e-como-uma-gestao-estruturada-evita-que-vire-um-problema-maior\/\" target=&quot;_blank&quot;>\r\n\t\t\t\tInadimpl\u00eancia em condom\u00ednios: por que ela acontece e como uma gest\u00e3o estruturada evita que vire um problema maior\t\t\t<\/a>\r\n\t\t<\/h3>\r\n\t\t\t\t<\/div>\r\n\t\t\t\t<\/article>\r\n\t\t\t\t<article class=\"elementor-post elementor-grid-item post-17459 post type-post status-publish format-standard has-post-thumbnail hentry category-chama-o-sindico\">\r\n\t\t\t\t<a class=\"elementor-post__thumbnail__link\" href=\"https:\/\/auxiliadorapredial.com.br\/blog\/administracao-de-condominios-o-que-realmente-faz-uma-imobiliaria-e-por-que-isso-muda-a-rotina-do-sindico\/\" target=&quot;_blank&quot;>\r\n\t\t\t<div class=\"elementor-post__thumbnail\"><img decoding=\"async\" width=\"800\" height=\"534\" src=\"https:\/\/auxiliadorapredial.com.br\/blog\/wp-content\/uploads\/Administracao-de-condominios-1-1024x683.jpg\" class=\"attachment-large size-large wp-image-17461\" alt=\"Administra\u00e7\u00e3o de condominios\" srcset=\"https:\/\/auxiliadorapredial.com.br\/blog\/wp-content\/uploads\/Administracao-de-condominios-1-1024x683.jpg 1024w, https:\/\/auxiliadorapredial.com.br\/blog\/wp-content\/uploads\/Administracao-de-condominios-1-300x200.jpg 300w, https:\/\/auxiliadorapredial.com.br\/blog\/wp-content\/uploads\/Administracao-de-condominios-1-768x512.jpg 768w, https:\/\/auxiliadorapredial.com.br\/blog\/wp-content\/uploads\/Administracao-de-condominios-1-1536x1024.jpg 1536w, https:\/\/auxiliadorapredial.com.br\/blog\/wp-content\/uploads\/Administracao-de-condominios-1-2048x1365.jpg 2048w\" sizes=\"(max-width: 800px) 100vw, 800px\" \/><\/div>\r\n\t\t<\/a>\r\n\t\t\t\t<div class=\"elementor-post__text\">\r\n\t\t\t\t<h3 class=\"elementor-post__title\">\r\n\t\t\t<a href=\"https:\/\/auxiliadorapredial.com.br\/blog\/administracao-de-condominios-o-que-realmente-faz-uma-imobiliaria-e-por-que-isso-muda-a-rotina-do-sindico\/\" target=&quot;_blank&quot;>\r\n\t\t\t\tAdministra\u00e7\u00e3o de condom\u00ednios: o que realmente faz uma imobili\u00e1ria e por que isso muda a rotina do s\u00edndico\t\t\t<\/a>\r\n\t\t<\/h3>\r\n\t\t\t\t<\/div>\r\n\t\t\t\t<\/article>\r\n\t\t\t\t<article class=\"elementor-post elementor-grid-item post-17449 post type-post status-publish format-standard has-post-thumbnail hentry category-mercado-imobiliario\">\r\n\t\t\t\t<a class=\"elementor-post__thumbnail__link\" href=\"https:\/\/auxiliadorapredial.com.br\/blog\/vale-a-pena-investir-em-uma-franquia-imobiliaria-custos-retorno-e-o-que-realmente-sustenta-esse-modelo\/\" target=&quot;_blank&quot;>\r\n\t\t\t<div class=\"elementor-post__thumbnail\"><img loading=\"lazy\" decoding=\"async\" width=\"800\" height=\"530\" src=\"https:\/\/auxiliadorapredial.com.br\/blog\/wp-content\/uploads\/Investir-em-franquia-imobiliaria-1024x678.jpg\" class=\"attachment-large size-large wp-image-17467\" alt=\"investir em franquia imobiliaria\" srcset=\"https:\/\/auxiliadorapredial.com.br\/blog\/wp-content\/uploads\/Investir-em-franquia-imobiliaria-1024x678.jpg 1024w, https:\/\/auxiliadorapredial.com.br\/blog\/wp-content\/uploads\/Investir-em-franquia-imobiliaria-300x199.jpg 300w, https:\/\/auxiliadorapredial.com.br\/blog\/wp-content\/uploads\/Investir-em-franquia-imobiliaria-768x509.jpg 768w, https:\/\/auxiliadorapredial.com.br\/blog\/wp-content\/uploads\/Investir-em-franquia-imobiliaria-1536x1017.jpg 1536w, https:\/\/auxiliadorapredial.com.br\/blog\/wp-content\/uploads\/Investir-em-franquia-imobiliaria-2048x1357.jpg 2048w\" sizes=\"(max-width: 800px) 100vw, 800px\" \/><\/div>\r\n\t\t<\/a>\r\n\t\t\t\t<div class=\"elementor-post__text\">\r\n\t\t\t\t<h3 class=\"elementor-post__title\">\r\n\t\t\t<a href=\"https:\/\/auxiliadorapredial.com.br\/blog\/vale-a-pena-investir-em-uma-franquia-imobiliaria-custos-retorno-e-o-que-realmente-sustenta-esse-modelo\/\" target=&quot;_blank&quot;>\r\n\t\t\t\tVale a pena investir em uma franquia imobili\u00e1ria? Custos, retorno e o que realmente sustenta esse modelo\t\t\t<\/a>\r\n\t\t<\/h3>\r\n\t\t\t\t<\/div>\r\n\t\t\t\t<\/article>\r\n\t\t\t\t<article class=\"elementor-post elementor-grid-item post-17447 post type-post status-publish format-standard has-post-thumbnail hentry category-mercado-imobiliario\">\r\n\t\t\t\t<a class=\"elementor-post__thumbnail__link\" href=\"https:\/\/auxiliadorapredial.com.br\/blog\/como-funciona-uma-franquia-da-auxiliadora-predial-o-que-voce-precisa-entender-antes-de-investir\/\" target=&quot;_blank&quot;>\r\n\t\t\t<div class=\"elementor-post__thumbnail\"><img loading=\"lazy\" decoding=\"async\" width=\"800\" height=\"534\" src=\"https:\/\/auxiliadorapredial.com.br\/blog\/wp-content\/uploads\/franquia-imobiliaria._2jpg-1024x683.jpg\" class=\"attachment-large size-large wp-image-17468\" alt=\"franquia imobiliaria\" srcset=\"https:\/\/auxiliadorapredial.com.br\/blog\/wp-content\/uploads\/franquia-imobiliaria._2jpg-1024x683.jpg 1024w, https:\/\/auxiliadorapredial.com.br\/blog\/wp-content\/uploads\/franquia-imobiliaria._2jpg-300x200.jpg 300w, https:\/\/auxiliadorapredial.com.br\/blog\/wp-content\/uploads\/franquia-imobiliaria._2jpg-768x512.jpg 768w, https:\/\/auxiliadorapredial.com.br\/blog\/wp-content\/uploads\/franquia-imobiliaria._2jpg-1536x1024.jpg 1536w, https:\/\/auxiliadorapredial.com.br\/blog\/wp-content\/uploads\/franquia-imobiliaria._2jpg-2048x1365.jpg 2048w\" sizes=\"(max-width: 800px) 100vw, 800px\" \/><\/div>\r\n\t\t<\/a>\r\n\t\t\t\t<div class=\"elementor-post__text\">\r\n\t\t\t\t<h3 class=\"elementor-post__title\">\r\n\t\t\t<a href=\"https:\/\/auxiliadorapredial.com.br\/blog\/como-funciona-uma-franquia-da-auxiliadora-predial-o-que-voce-precisa-entender-antes-de-investir\/\" target=&quot;_blank&quot;>\r\n\t\t\t\tComo funciona uma franquia da Auxiliadora Predial: o que voc\u00ea precisa entender antes de investir\t\t\t<\/a>\r\n\t\t<\/h3>\r\n\t\t\t\t<\/div>\r\n\t\t\t\t<\/article>\r\n\t\t\t\t<\/div>\r\n\r\n\r\n\t\t\r\n\t\t\t\t<\/div>\n\t\t\t\t<\/div>\n\t\t\t\t\t<\/div>\n\t\t<\/div>\n\t\t\t\t\t<\/div>\n\t\t<\/section>\n\t\t\t\t<section class=\"elementor-section elementor-top-section elementor-element elementor-element-fbd03e3 elementor-section-boxed elementor-section-height-default elementor-section-height-default\" data-id=\"fbd03e3\" data-element_type=\"section\" id=\"guia\" data-settings=\"{&quot;background_background&quot;:&quot;classic&quot;}\">\n\t\t\t\t\t\t<div class=\"elementor-container elementor-column-gap-default\">\n\t\t\t\t\t<div class=\"elementor-column elementor-col-100 elementor-top-column elementor-element elementor-element-5c372a5\" data-id=\"5c372a5\" data-element_type=\"column\">\n\t\t\t<div class=\"elementor-widget-wrap elementor-element-populated\">\n\t\t\t\t\t\t<section class=\"elementor-section elementor-inner-section elementor-element elementor-element-e8aeb09 elementor-section-boxed elementor-section-height-default elementor-section-height-default\" data-id=\"e8aeb09\" data-element_type=\"section\">\n\t\t\t\t\t\t<div class=\"elementor-container elementor-column-gap-default\">\n\t\t\t\t\t<div class=\"elementor-column elementor-col-100 elementor-inner-column elementor-element elementor-element-ba8d161\" data-id=\"ba8d161\" data-element_type=\"column\">\n\t\t\t<div class=\"elementor-widget-wrap elementor-element-populated\">\n\t\t\t\t\t\t<div class=\"elementor-element elementor-element-2fa4902 elementor-widget elementor-widget-text-editor\" data-id=\"2fa4902\" data-element_type=\"widget\" data-widget_type=\"text-editor.default\">\n\t\t\t\t<div class=\"elementor-widget-container\">\n\t\t\t\t\t\t\t<h2 style=\"font-size: 40px; margin: 0 0 10px;\"><strong>Guia<\/strong><\/h2>\nBairros\/Cidades\t\t\t\t\t\t<\/div>\n\t\t\t\t<\/div>\n\t\t\t\t<div class=\"elementor-element elementor-element-93bda35 slider-guia elementor-hidden-desktop elementor-hidden-tablet elementor--h-position-center elementor--v-position-middle elementor-arrows-position-inside elementor-widget elementor-widget-slides\" data-id=\"93bda35\" data-element_type=\"widget\" data-settings=\"{&quot;navigation&quot;:&quot;arrows&quot;,&quot;autoplay&quot;:&quot;yes&quot;,&quot;pause_on_hover&quot;:&quot;yes&quot;,&quot;pause_on_interaction&quot;:&quot;yes&quot;,&quot;autoplay_speed&quot;:5000,&quot;transition&quot;:&quot;slide&quot;,&quot;transition_speed&quot;:500}\" data-widget_type=\"slides.default\">\n\t\t\t\t<div class=\"elementor-widget-container\">\n\t\t\t\t\t<div class=\"elementor-swiper\">\r\n\t\t\t<div class=\"elementor-slides-wrapper elementor-main-swiper swiper-container\" dir=\"ltr\" data-animation=\"\">\r\n\t\t\t\t<div class=\"swiper-wrapper elementor-slides\">\r\n\t\t\t\t\t\t\t\t\t\t<div class=\"elementor-repeater-item-481d161 swiper-slide\"><div class=\"swiper-slide-bg\"><\/div><a class=\"swiper-slide-inner\" href=\"https:\/\/www.auxiliadorapredial.com.br\/blog\/Tags\/porto-alegre\/\" target=\"_blank\"><div class=\"swiper-slide-contents\"><div class=\"elementor-slide-heading\">Porto Alegre e Regi\u00e3o Metropolitana<\/div><\/div><\/a><\/div><div class=\"elementor-repeater-item-f0159c5 swiper-slide\"><div class=\"swiper-slide-bg\"><\/div><a class=\"swiper-slide-inner\" href=\"https:\/\/www.auxiliadorapredial.com.br\/blog\/Tags\/interior-gaucho\/\" target=\"_blank\"><div class=\"swiper-slide-contents\"><div class=\"elementor-slide-heading\">Interior Ga\u00facho<\/div><\/div><\/a><\/div><div class=\"elementor-repeater-item-5edfadc swiper-slide\"><div class=\"swiper-slide-bg\"><\/div><a class=\"swiper-slide-inner\" href=\"https:\/\/www.auxiliadorapredial.com.br\/blog\/Tags\/litoral-gaucho\/\"><div class=\"swiper-slide-contents\"><div class=\"elementor-slide-heading\">Litoral Ga\u00facho<\/div><\/div><\/a><\/div><div class=\"elementor-repeater-item-b9ac162 swiper-slide\"><div class=\"swiper-slide-bg\"><\/div><a class=\"swiper-slide-inner\" href=\"https:\/\/www.auxiliadorapredial.com.br\/blog\/Tags\/santa-catarina\/\" target=\"_blank\"><div class=\"swiper-slide-contents\"><div class=\"elementor-slide-heading\">Santa Catarina<\/div><\/div><\/a><\/div><div class=\"elementor-repeater-item-b5781c1 swiper-slide\"><div class=\"swiper-slide-bg\"><\/div><a class=\"swiper-slide-inner\" href=\"https:\/\/www.auxiliadorapredial.com.br\/blog\/Tags\/sao-paulo\/\" target=\"_blank\"><div class=\"swiper-slide-contents\"><div class=\"elementor-slide-heading\">S\u00e3o Paulo<\/div><\/div><\/a><\/div>\t\t\t\t<\/div>\r\n\t\t\t\t\t\t\t\t\t\t\t\t\t\t\t\t\t\t\t\t<div class=\"elementor-swiper-button elementor-swiper-button-prev\">\r\n\t\t\t\t\t\t\t<i aria-hidden=\"true\" class=\"eicon-chevron-left\"><\/i>\t\t\t\t\t\t\t<span class=\"elementor-screen-only\">Anterior<\/span>\r\n\t\t\t\t\t\t<\/div>\r\n\t\t\t\t\t\t<div class=\"elementor-swiper-button elementor-swiper-button-next\">\r\n\t\t\t\t\t\t\t<i aria-hidden=\"true\" class=\"eicon-chevron-right\"><\/i>\t\t\t\t\t\t\t<span class=\"elementor-screen-only\">Pr\u00f3ximo<\/span>\r\n\t\t\t\t\t\t<\/div>\r\n\t\t\t\t\t\t\t\t\t\t\t\t<\/div>\r\n\t\t<\/div>\r\n\t\t\t\t<\/div>\n\t\t\t\t<\/div>\n\t\t\t\t\t<\/div>\n\t\t<\/div>\n\t\t\t\t\t<\/div>\n\t\t<\/section>\n\t\t\t\t<section class=\"elementor-section elementor-inner-section elementor-element elementor-element-8f0accd elementor-section-boxed elementor-section-height-default elementor-section-height-default\" data-id=\"8f0accd\" data-element_type=\"section\">\n\t\t\t\t\t\t<div class=\"elementor-container elementor-column-gap-default\">\n\t\t\t\t\t<div class=\"elementor-column elementor-col-20 elementor-inner-column elementor-element elementor-element-afbd117 item-guia elementor-hidden-mobile\" data-id=\"afbd117\" data-element_type=\"column\">\n\t\t\t<div class=\"elementor-widget-wrap elementor-element-populated\">\n\t\t\t\t\t\t<div class=\"elementor-element elementor-element-41a35f5 elementor-widget elementor-widget-image\" data-id=\"41a35f5\" data-element_type=\"widget\" data-widget_type=\"image.default\">\n\t\t\t\t<div class=\"elementor-widget-container\">\n\t\t\t\t\t\t\t\t\t\t<figure class=\"wp-caption\">\n\t\t\t\t\t\t\t\t\t\t\t<a href=\"https:\/\/www.auxiliadorapredial.com.br\/blog\/Tags\/porto-alegre\/\" target=\"_blank\">\n\t\t\t\t\t\t\t<img loading=\"lazy\" decoding=\"async\" width=\"486\" height=\"250\" src=\"https:\/\/auxiliadorapredial.com.br\/blog\/wp-content\/uploads\/porto-alegre-regiao-metropolitana.webp\" class=\"attachment-large size-large wp-image-12605\" alt=\"Porto Alegre e Regi\u00e3o Metropolitana | Auxiliadora Predial\" srcset=\"https:\/\/auxiliadorapredial.com.br\/blog\/wp-content\/uploads\/porto-alegre-regiao-metropolitana.webp 486w, https:\/\/auxiliadorapredial.com.br\/blog\/wp-content\/uploads\/porto-alegre-regiao-metropolitana-300x154.webp 300w\" sizes=\"(max-width: 486px) 100vw, 486px\" \/>\t\t\t\t\t\t\t\t<\/a>\n\t\t\t\t\t\t\t\t\t\t\t<figcaption class=\"widget-image-caption wp-caption-text\">Porto Alegre e Regi\u00e3o Metropolitana<\/figcaption>\n\t\t\t\t\t\t\t\t\t\t<\/figure>\n\t\t\t\t\t\t\t<\/div>\n\t\t\t\t<\/div>\n\t\t\t\t\t<\/div>\n\t\t<\/div>\n\t\t\t\t<div class=\"elementor-column elementor-col-20 elementor-inner-column elementor-element elementor-element-74ed4ad item-guia elementor-hidden-mobile\" data-id=\"74ed4ad\" data-element_type=\"column\">\n\t\t\t<div class=\"elementor-widget-wrap elementor-element-populated\">\n\t\t\t\t\t\t<div class=\"elementor-element elementor-element-ae9a9c3 elementor-widget elementor-widget-image\" data-id=\"ae9a9c3\" data-element_type=\"widget\" data-widget_type=\"image.default\">\n\t\t\t\t<div class=\"elementor-widget-container\">\n\t\t\t\t\t\t\t\t\t\t<figure class=\"wp-caption\">\n\t\t\t\t\t\t\t\t\t\t\t<a href=\"https:\/\/www.auxiliadorapredial.com.br\/blog\/Tags\/interior-gaucho\/\" target=\"_blank\">\n\t\t\t\t\t\t\t<img loading=\"lazy\" decoding=\"async\" width=\"481\" height=\"241\" src=\"https:\/\/auxiliadorapredial.com.br\/blog\/wp-content\/uploads\/interior-gaucho.webp\" class=\"attachment-large size-large wp-image-12606\" alt=\"Interior Ga\u00facho | Auxiliadora Predial\" srcset=\"https:\/\/auxiliadorapredial.com.br\/blog\/wp-content\/uploads\/interior-gaucho.webp 481w, https:\/\/auxiliadorapredial.com.br\/blog\/wp-content\/uploads\/interior-gaucho-300x150.webp 300w\" sizes=\"(max-width: 481px) 100vw, 481px\" \/>\t\t\t\t\t\t\t\t<\/a>\n\t\t\t\t\t\t\t\t\t\t\t<figcaption class=\"widget-image-caption wp-caption-text\">Interior Ga\u00facho<\/figcaption>\n\t\t\t\t\t\t\t\t\t\t<\/figure>\n\t\t\t\t\t\t\t<\/div>\n\t\t\t\t<\/div>\n\t\t\t\t\t<\/div>\n\t\t<\/div>\n\t\t\t\t<div class=\"elementor-column elementor-col-20 elementor-inner-column elementor-element elementor-element-d124ec4 item-guia elementor-hidden-mobile\" data-id=\"d124ec4\" data-element_type=\"column\">\n\t\t\t<div class=\"elementor-widget-wrap elementor-element-populated\">\n\t\t\t\t\t\t<div class=\"elementor-element elementor-element-57cd159 elementor-widget elementor-widget-image\" data-id=\"57cd159\" data-element_type=\"widget\" data-widget_type=\"image.default\">\n\t\t\t\t<div class=\"elementor-widget-container\">\n\t\t\t\t\t\t\t\t\t\t<figure class=\"wp-caption\">\n\t\t\t\t\t\t\t\t\t\t\t<a href=\"https:\/\/www.auxiliadorapredial.com.br\/blog\/Tags\/litoral-gaucho\/\" target=\"_blank\">\n\t\t\t\t\t\t\t<img loading=\"lazy\" decoding=\"async\" width=\"370\" height=\"239\" src=\"https:\/\/auxiliadorapredial.com.br\/blog\/wp-content\/uploads\/litoral-gaucho.webp\" class=\"attachment-large size-large wp-image-12601\" alt=\"Litoral Ga\u00facho | Auxiliadora Predial\" srcset=\"https:\/\/auxiliadorapredial.com.br\/blog\/wp-content\/uploads\/litoral-gaucho.webp 370w, https:\/\/auxiliadorapredial.com.br\/blog\/wp-content\/uploads\/litoral-gaucho-300x194.webp 300w\" sizes=\"(max-width: 370px) 100vw, 370px\" \/>\t\t\t\t\t\t\t\t<\/a>\n\t\t\t\t\t\t\t\t\t\t\t<figcaption class=\"widget-image-caption wp-caption-text\">Litoral Ga\u00facho<\/figcaption>\n\t\t\t\t\t\t\t\t\t\t<\/figure>\n\t\t\t\t\t\t\t<\/div>\n\t\t\t\t<\/div>\n\t\t\t\t\t<\/div>\n\t\t<\/div>\n\t\t\t\t<div class=\"elementor-column elementor-col-20 elementor-inner-column elementor-element elementor-element-85f0e08 item-guia elementor-hidden-mobile\" data-id=\"85f0e08\" data-element_type=\"column\">\n\t\t\t<div class=\"elementor-widget-wrap elementor-element-populated\">\n\t\t\t\t\t\t<div class=\"elementor-element elementor-element-772de20 elementor-widget elementor-widget-image\" data-id=\"772de20\" data-element_type=\"widget\" data-widget_type=\"image.default\">\n\t\t\t\t<div class=\"elementor-widget-container\">\n\t\t\t\t\t\t\t\t\t\t<figure class=\"wp-caption\">\n\t\t\t\t\t\t\t\t\t\t\t<a href=\"https:\/\/www.auxiliadorapredial.com.br\/blog\/Tags\/santa-catarina\/\" target=\"_blank\">\n\t\t\t\t\t\t\t<img loading=\"lazy\" decoding=\"async\" width=\"364\" height=\"243\" src=\"https:\/\/auxiliadorapredial.com.br\/blog\/wp-content\/uploads\/santa-catarina.webp\" class=\"attachment-large size-large wp-image-12608\" alt=\"Santa Catarina | Auxiliadora Predial\" srcset=\"https:\/\/auxiliadorapredial.com.br\/blog\/wp-content\/uploads\/santa-catarina.webp 364w, https:\/\/auxiliadorapredial.com.br\/blog\/wp-content\/uploads\/santa-catarina-300x200.webp 300w\" sizes=\"(max-width: 364px) 100vw, 364px\" \/>\t\t\t\t\t\t\t\t<\/a>\n\t\t\t\t\t\t\t\t\t\t\t<figcaption class=\"widget-image-caption wp-caption-text\">Santa Catarina<\/figcaption>\n\t\t\t\t\t\t\t\t\t\t<\/figure>\n\t\t\t\t\t\t\t<\/div>\n\t\t\t\t<\/div>\n\t\t\t\t\t<\/div>\n\t\t<\/div>\n\t\t\t\t<div class=\"elementor-column elementor-col-20 elementor-inner-column elementor-element elementor-element-b676912 item-guia elementor-hidden-mobile\" data-id=\"b676912\" data-element_type=\"column\">\n\t\t\t<div class=\"elementor-widget-wrap elementor-element-populated\">\n\t\t\t\t\t\t<div class=\"elementor-element elementor-element-9e70c85 elementor-widget elementor-widget-image\" data-id=\"9e70c85\" data-element_type=\"widget\" data-widget_type=\"image.default\">\n\t\t\t\t<div class=\"elementor-widget-container\">\n\t\t\t\t\t\t\t\t\t\t<figure class=\"wp-caption\">\n\t\t\t\t\t\t\t\t\t\t\t<a href=\"https:\/\/www.auxiliadorapredial.com.br\/blog\/Tags\/sao-paulo\/\" target=\"_blank\">\n\t\t\t\t\t\t\t<img loading=\"lazy\" decoding=\"async\" width=\"427\" height=\"240\" src=\"https:\/\/auxiliadorapredial.com.br\/blog\/wp-content\/uploads\/sao-paulo.webp\" class=\"attachment-large size-large wp-image-12607\" alt=\"S\u00e3o Paulo | Auxiliadora Predial\" srcset=\"https:\/\/auxiliadorapredial.com.br\/blog\/wp-content\/uploads\/sao-paulo.webp 427w, https:\/\/auxiliadorapredial.com.br\/blog\/wp-content\/uploads\/sao-paulo-300x169.webp 300w\" sizes=\"(max-width: 427px) 100vw, 427px\" \/>\t\t\t\t\t\t\t\t<\/a>\n\t\t\t\t\t\t\t\t\t\t\t<figcaption class=\"widget-image-caption wp-caption-text\">S\u00e3o Paulo<\/figcaption>\n\t\t\t\t\t\t\t\t\t\t<\/figure>\n\t\t\t\t\t\t\t<\/div>\n\t\t\t\t<\/div>\n\t\t\t\t\t<\/div>\n\t\t<\/div>\n\t\t\t\t\t<\/div>\n\t\t<\/section>\n\t\t\t\t\t<\/div>\n\t\t<\/div>\n\t\t\t\t\t<\/div>\n\t\t<\/section>\n\t\t\t\t<section class=\"elementor-section elementor-top-section elementor-element elementor-element-571b908 elementor-section-boxed elementor-section-height-default elementor-section-height-default\" data-id=\"571b908\" data-element_type=\"section\">\n\t\t\t\t\t\t<div class=\"elementor-container elementor-column-gap-default\">\n\t\t\t\t\t<div class=\"elementor-column elementor-col-100 elementor-top-column elementor-element elementor-element-6f151d4\" data-id=\"6f151d4\" data-element_type=\"column\">\n\t\t\t<div class=\"elementor-widget-wrap elementor-element-populated\">\n\t\t\t\t\t\t<div class=\"elementor-element elementor-element-015cb82 elementor-widget elementor-widget-heading\" data-id=\"015cb82\" data-element_type=\"widget\" data-widget_type=\"heading.default\">\n\t\t\t\t<div class=\"elementor-widget-container\">\n\t\t\t<h2 class=\"elementor-heading-title elementor-size-default\"><h2 data-elementor-setting-key=\"title\" data-pen-placeholder=\"Digite aqui...\" style=\"font-family: var( --e-global-typography-primary-font-family ), Sans-serif;font-weight: var( --e-global-typography-primary-font-weight )\">Encontre seu novo lar<\/h2><\/h2>\t\t<\/div>\n\t\t\t\t<\/div>\n\t\t\t\t<section class=\"elementor-section elementor-inner-section elementor-element elementor-element-7e10578 elementor-section-boxed elementor-section-height-default elementor-section-height-default\" data-id=\"7e10578\" data-element_type=\"section\">\n\t\t\t\t\t\t<div class=\"elementor-container elementor-column-gap-default\">\n\t\t\t\t\t<div class=\"elementor-column elementor-col-50 elementor-inner-column elementor-element elementor-element-bc16a8b\" data-id=\"bc16a8b\" data-element_type=\"column\">\n\t\t\t<div class=\"elementor-widget-wrap elementor-element-populated\">\n\t\t\t\t\t\t<div class=\"elementor-element elementor-element-1155459 elementor-widget elementor-widget-image\" data-id=\"1155459\" data-element_type=\"widget\" data-widget_type=\"image.default\">\n\t\t\t\t<div class=\"elementor-widget-container\">\n\t\t\t\t\t\t\t\t\t\t\t\t\t\t<a href=\"https:\/\/www.auxiliadorapredial.com.br\/alugar\/residencial\/rs+porto-alegre\" target=\"_blank\">\n\t\t\t\t\t\t\t<img loading=\"lazy\" decoding=\"async\" width=\"600\" height=\"400\" src=\"https:\/\/auxiliadorapredial.com.br\/blog\/wp-content\/uploads\/banner-alugar-residencial-porto-alegre.webp\" class=\"elementor-animation-shrink attachment-large size-large wp-image-12636\" alt=\"Alugar Im\u00f3vel Residencial em Porto Alegre | Auxiliadora Predial\" srcset=\"https:\/\/auxiliadorapredial.com.br\/blog\/wp-content\/uploads\/banner-alugar-residencial-porto-alegre.webp 600w, https:\/\/auxiliadorapredial.com.br\/blog\/wp-content\/uploads\/banner-alugar-residencial-porto-alegre-300x200.webp 300w\" sizes=\"(max-width: 600px) 100vw, 600px\" \/>\t\t\t\t\t\t\t\t<\/a>\n\t\t\t\t\t\t\t\t\t\t\t\t\t<\/div>\n\t\t\t\t<\/div>\n\t\t\t\t\t<\/div>\n\t\t<\/div>\n\t\t\t\t<div class=\"elementor-column elementor-col-50 elementor-inner-column elementor-element elementor-element-157fafa\" data-id=\"157fafa\" data-element_type=\"column\">\n\t\t\t<div class=\"elementor-widget-wrap elementor-element-populated\">\n\t\t\t\t\t\t<div class=\"elementor-element elementor-element-50bc7fe elementor-widget elementor-widget-image\" data-id=\"50bc7fe\" data-element_type=\"widget\" data-widget_type=\"image.default\">\n\t\t\t\t<div class=\"elementor-widget-container\">\n\t\t\t\t\t\t\t\t\t\t\t\t\t\t<a href=\"https:\/\/www.auxiliadorapredial.com.br\/comprar\/residencial\/rs+porto-alegre\" target=\"_blank\">\n\t\t\t\t\t\t\t<img loading=\"lazy\" decoding=\"async\" width=\"600\" height=\"400\" src=\"https:\/\/auxiliadorapredial.com.br\/blog\/wp-content\/uploads\/banner-comprar-residencial-porto-alegre.webp\" class=\"elementor-animation-shrink attachment-large size-large wp-image-12640\" alt=\"Comprar Im\u00f3vel Residencial em Porto Alegre | Auxiliadora Predial\" srcset=\"https:\/\/auxiliadorapredial.com.br\/blog\/wp-content\/uploads\/banner-comprar-residencial-porto-alegre.webp 600w, https:\/\/auxiliadorapredial.com.br\/blog\/wp-content\/uploads\/banner-comprar-residencial-porto-alegre-300x200.webp 300w\" sizes=\"(max-width: 600px) 100vw, 600px\" \/>\t\t\t\t\t\t\t\t<\/a>\n\t\t\t\t\t\t\t\t\t\t\t\t\t<\/div>\n\t\t\t\t<\/div>\n\t\t\t\t\t<\/div>\n\t\t<\/div>\n\t\t\t\t\t<\/div>\n\t\t<\/section>\n\t\t\t\t\t<\/div>\n\t\t<\/div>\n\t\t\t\t\t<\/div>\n\t\t<\/section>\n\t\t\t\t<section class=\"elementor-section elementor-top-section elementor-element elementor-element-a37c5f4 elementor-section-boxed elementor-section-height-default elementor-section-height-default\" data-id=\"a37c5f4\" data-element_type=\"section\">\n\t\t\t\t\t\t<div class=\"elementor-container elementor-column-gap-default\">\n\t\t\t\t\t<div class=\"elementor-column elementor-col-100 elementor-top-column elementor-element elementor-element-a4dff1d\" data-id=\"a4dff1d\" data-element_type=\"column\">\n\t\t\t<div class=\"elementor-widget-wrap elementor-element-populated\">\n\t\t\t\t\t\t<div class=\"elementor-element elementor-element-432dcfa elementor-widget elementor-widget-heading\" data-id=\"432dcfa\" data-element_type=\"widget\" id=\"moradia\" data-widget_type=\"heading.default\">\n\t\t\t\t<div class=\"elementor-widget-container\">\n\t\t\t<h2 class=\"elementor-heading-title elementor-size-default\">Moradia<\/h2>\t\t<\/div>\n\t\t\t\t<\/div>\n\t\t\t\t<div class=\"elementor-element elementor-element-def55e3 elementor-widget elementor-widget-text-editor\" data-id=\"def55e3\" data-element_type=\"widget\" data-widget_type=\"text-editor.default\">\n\t\t\t\t<div class=\"elementor-widget-container\">\n\t\t\t\t\t\t\t<p>Para voc\u00ea<\/p>\t\t\t\t\t\t<\/div>\n\t\t\t\t<\/div>\n\t\t\t\t\t<\/div>\n\t\t<\/div>\n\t\t\t\t\t<\/div>\n\t\t<\/section>\n\t\t\t\t<section class=\"elementor-section elementor-top-section elementor-element elementor-element-c8b1616 elementor-section-boxed elementor-section-height-default elementor-section-height-default\" data-id=\"c8b1616\" data-element_type=\"section\">\n\t\t\t\t\t\t<div class=\"elementor-container elementor-column-gap-default\">\n\t\t\t\t\t<div class=\"elementor-column elementor-col-50 elementor-top-column elementor-element elementor-element-96ef549\" data-id=\"96ef549\" data-element_type=\"column\">\n\t\t\t<div class=\"elementor-widget-wrap elementor-element-populated\">\n\t\t\t\t\t\t<div class=\"elementor-element elementor-element-72ef8c2 elementor-grid-1 elementor-posts--thumbnail-left elementor-posts--align-left elementor-grid-tablet-1 feed-home-moraria elementor-grid-mobile-1 elementor-widget elementor-widget-posts\" data-id=\"72ef8c2\" data-element_type=\"widget\" id=\"posts-calculadora\" data-settings=\"{&quot;classic_columns&quot;:&quot;1&quot;,&quot;classic_row_gap&quot;:{&quot;unit&quot;:&quot;px&quot;,&quot;size&quot;:38,&quot;sizes&quot;:[]},&quot;classic_columns_tablet&quot;:&quot;1&quot;,&quot;classic_columns_mobile&quot;:&quot;1&quot;,&quot;classic_row_gap_tablet&quot;:{&quot;unit&quot;:&quot;px&quot;,&quot;size&quot;:&quot;&quot;,&quot;sizes&quot;:[]},&quot;classic_row_gap_mobile&quot;:{&quot;unit&quot;:&quot;px&quot;,&quot;size&quot;:&quot;&quot;,&quot;sizes&quot;:[]}}\" data-widget_type=\"posts.classic\">\n\t\t\t\t<div class=\"elementor-widget-container\">\n\t\t\t\t\t<div class=\"elementor-posts-container elementor-posts elementor-posts--skin-classic elementor-grid\">\r\n\t\t\t\t<article class=\"elementor-post elementor-grid-item post-17401 post type-post status-publish format-standard has-post-thumbnail hentry category-meu-lar tag-mercado-imobiliario\">\r\n\t\t\t\t<a class=\"elementor-post__thumbnail__link\" href=\"https:\/\/auxiliadorapredial.com.br\/blog\/arquitetura-sustentavel-tendencias-2026\/\" >\r\n\t\t\t<div class=\"elementor-post__thumbnail\"><img loading=\"lazy\" decoding=\"async\" width=\"1000\" height=\"563\" src=\"https:\/\/auxiliadorapredial.com.br\/blog\/wp-content\/uploads\/tendencias-de-arquitetura-sustentavel-2026.webp\" class=\"attachment-full size-full wp-image-17402\" alt=\"tend\u00eancias de arquitetura sustent\u00e1vel 2026\" srcset=\"https:\/\/auxiliadorapredial.com.br\/blog\/wp-content\/uploads\/tendencias-de-arquitetura-sustentavel-2026.webp 1000w, https:\/\/auxiliadorapredial.com.br\/blog\/wp-content\/uploads\/tendencias-de-arquitetura-sustentavel-2026-300x169.webp 300w, https:\/\/auxiliadorapredial.com.br\/blog\/wp-content\/uploads\/tendencias-de-arquitetura-sustentavel-2026-768x432.webp 768w\" sizes=\"(max-width: 1000px) 100vw, 1000px\" \/><\/div>\r\n\t\t<\/a>\r\n\t\t\t\t<div class=\"elementor-post__text\">\r\n\t\t\t\t<h2 class=\"elementor-post__title\">\r\n\t\t\t<a href=\"https:\/\/auxiliadorapredial.com.br\/blog\/arquitetura-sustentavel-tendencias-2026\/\" >\r\n\t\t\t\tArquitetura sustent\u00e1vel: tend\u00eancias para 2026 que v\u00e3o transformar os projetos residenciais\t\t\t<\/a>\r\n\t\t<\/h2>\r\n\t\t\t\t<div class=\"elementor-post__excerpt\">\r\n\t\t\t<p>A arquitetura sustent\u00e1vel em alta. Confira as tend\u00eancias para 2026 e saiba como novos projetos ecol\u00f3gicos est\u00e3o transformando o futuro, inclusive no Brasil.<\/p>\n\t\t<\/div>\r\n\t\t\t\t\t<div class=\"elementor-post__read-more-wrapper\">\r\n\t\t\r\n\t\t<a class=\"elementor-post__read-more\" href=\"https:\/\/auxiliadorapredial.com.br\/blog\/arquitetura-sustentavel-tendencias-2026\/\" >\r\n\t\t\tLeia \u00bb\t\t<\/a>\r\n\r\n\t\t\t\t\t<\/div>\r\n\t\t\t\t<\/div>\r\n\t\t\t\t<\/article>\r\n\t\t\t\t<article class=\"elementor-post elementor-grid-item post-17390 post type-post status-publish format-standard has-post-thumbnail hentry category-meu-lar tag-compra-de-imovel\">\r\n\t\t\t\t<a class=\"elementor-post__thumbnail__link\" href=\"https:\/\/auxiliadorapredial.com.br\/blog\/como-comprar-o-primeiro-imovel-dicas\/\" >\r\n\t\t\t<div class=\"elementor-post__thumbnail\"><img loading=\"lazy\" decoding=\"async\" width=\"1000\" height=\"667\" src=\"https:\/\/auxiliadorapredial.com.br\/blog\/wp-content\/uploads\/Como-comprar-primeiro-imovel.webp\" class=\"attachment-full size-full wp-image-17391\" alt=\"Como comprar primeiro im\u00f3vel\" srcset=\"https:\/\/auxiliadorapredial.com.br\/blog\/wp-content\/uploads\/Como-comprar-primeiro-imovel.webp 1000w, https:\/\/auxiliadorapredial.com.br\/blog\/wp-content\/uploads\/Como-comprar-primeiro-imovel-300x200.webp 300w, https:\/\/auxiliadorapredial.com.br\/blog\/wp-content\/uploads\/Como-comprar-primeiro-imovel-768x512.webp 768w\" sizes=\"(max-width: 1000px) 100vw, 1000px\" \/><\/div>\r\n\t\t<\/a>\r\n\t\t\t\t<div class=\"elementor-post__text\">\r\n\t\t\t\t<h2 class=\"elementor-post__title\">\r\n\t\t\t<a href=\"https:\/\/auxiliadorapredial.com.br\/blog\/como-comprar-o-primeiro-imovel-dicas\/\" >\r\n\t\t\t\tComo comprar o primeiro im\u00f3vel? Guia completo para transformar o sonho em conquista\t\t\t<\/a>\r\n\t\t<\/h2>\r\n\t\t\t\t<div class=\"elementor-post__excerpt\">\r\n\t\t\t<p>Descubra como comprar o primeiro im\u00f3vel com seguran\u00e7a. Veja cuidados e dicas para organizar a compra e conquistar sua casa pr\u00f3pria com confian\u00e7a.<\/p>\n\t\t<\/div>\r\n\t\t\t\t\t<div class=\"elementor-post__read-more-wrapper\">\r\n\t\t\r\n\t\t<a class=\"elementor-post__read-more\" href=\"https:\/\/auxiliadorapredial.com.br\/blog\/como-comprar-o-primeiro-imovel-dicas\/\" >\r\n\t\t\tLeia \u00bb\t\t<\/a>\r\n\r\n\t\t\t\t\t<\/div>\r\n\t\t\t\t<\/div>\r\n\t\t\t\t<\/article>\r\n\t\t\t\t<\/div>\r\n\r\n\r\n\t\t\r\n\t\t\t\t<\/div>\n\t\t\t\t<\/div>\n\t\t\t\t<div class=\"elementor-element elementor-element-205de36 elementor-hidden-desktop elementor-widget elementor-widget-button\" data-id=\"205de36\" data-element_type=\"widget\" data-widget_type=\"button.default\">\n\t\t\t\t<div class=\"elementor-widget-container\">\n\t\t\t\t\t<div class=\"elementor-button-wrapper\">\n\t\t\t<a class=\"elementor-button elementor-button-link elementor-size-md\" href=\"https:\/\/www.auxiliadorapredial.com.br\/blog\/Categoria\/meu-lar\/\" target=\"_blank\">\n\t\t\t\t\t\t<span class=\"elementor-button-content-wrapper\">\n\t\t\t\t\t\t\t\t\t<span class=\"elementor-button-text\">Ver mais ><\/span>\n\t\t\t\t\t<\/span>\n\t\t\t\t\t<\/a>\n\t\t<\/div>\n\t\t\t\t<\/div>\n\t\t\t\t<\/div>\n\t\t\t\t\t<\/div>\n\t\t<\/div>\n\t\t\t\t<div class=\"elementor-column elementor-col-50 elementor-top-column elementor-element elementor-element-b133a5d\" data-id=\"b133a5d\" data-element_type=\"column\" id=\"calculadora\" data-settings=\"{&quot;background_background&quot;:&quot;classic&quot;}\">\n\t\t\t<div class=\"elementor-widget-wrap elementor-element-populated\">\n\t\t\t\t\t\t<div class=\"elementor-element elementor-element-97d0d70 elementor-widget elementor-widget-image\" data-id=\"97d0d70\" data-element_type=\"widget\" data-widget_type=\"image.default\">\n\t\t\t\t<div class=\"elementor-widget-container\">\n\t\t\t\t\t\t\t\t\t\t\t\t\t\t<a href=\"https:\/\/mkt.auxiliadorapredial.com.br\/bairros-poa\" target=\"_blank\">\n\t\t\t\t\t\t\t<img loading=\"lazy\" decoding=\"async\" width=\"323\" height=\"436\" src=\"https:\/\/auxiliadorapredial.com.br\/blog\/wp-content\/uploads\/E-book-Banner-323x436-1.png\" class=\"elementor-animation-shrink attachment-full size-full wp-image-11090\" alt=\"Bairros em Porto Alegre para Investir ! Auxiliadora Predial\" srcset=\"https:\/\/auxiliadorapredial.com.br\/blog\/wp-content\/uploads\/E-book-Banner-323x436-1.png 323w, https:\/\/auxiliadorapredial.com.br\/blog\/wp-content\/uploads\/E-book-Banner-323x436-1-222x300.png 222w\" sizes=\"(max-width: 323px) 100vw, 323px\" \/>\t\t\t\t\t\t\t\t<\/a>\n\t\t\t\t\t\t\t\t\t\t\t\t\t<\/div>\n\t\t\t\t<\/div>\n\t\t\t\t\t<\/div>\n\t\t<\/div>\n\t\t\t\t\t<\/div>\n\t\t<\/section>\n\t\t\t\t<section class=\"elementor-section elementor-top-section elementor-element elementor-element-7b7712e elementor-section-content-middle elementor-section-boxed elementor-section-height-default elementor-section-height-default\" data-id=\"7b7712e\" data-element_type=\"section\" id=\"container-morar\" data-settings=\"{&quot;background_background&quot;:&quot;classic&quot;}\">\n\t\t\t\t\t\t<div class=\"elementor-container elementor-column-gap-default\">\n\t\t\t\t\t<div class=\"elementor-column elementor-col-100 elementor-top-column elementor-element elementor-element-ca7d63a\" data-id=\"ca7d63a\" data-element_type=\"column\">\n\t\t\t<div class=\"elementor-widget-wrap elementor-element-populated\">\n\t\t\t\t\t\t<section class=\"elementor-section elementor-inner-section elementor-element elementor-element-c37db6e elementor-section-content-middle elementor-section-boxed elementor-section-height-default elementor-section-height-default\" data-id=\"c37db6e\" data-element_type=\"section\">\n\t\t\t\t\t\t<div class=\"elementor-container elementor-column-gap-default\">\n\t\t\t\t\t<div class=\"elementor-column elementor-col-50 elementor-inner-column elementor-element elementor-element-c975378\" data-id=\"c975378\" data-element_type=\"column\">\n\t\t\t<div class=\"elementor-widget-wrap elementor-element-populated\">\n\t\t\t\t\t\t<div class=\"elementor-element elementor-element-ace90f4 elementor-widget elementor-widget-image\" data-id=\"ace90f4\" data-element_type=\"widget\" data-widget_type=\"image.default\">\n\t\t\t\t<div class=\"elementor-widget-container\">\n\t\t\t\t\t\t\t\t\t\t\t\t\t<img loading=\"lazy\" decoding=\"async\" width=\"738\" height=\"349\" src=\"https:\/\/auxiliadorapredial.com.br\/blog\/wp-content\/uploads\/onde-morar-porto-alegre.webp\" class=\"attachment-full size-full wp-image-12597\" alt=\"Veja aqui o local ideal para morar em Porto Alegre!\" srcset=\"https:\/\/auxiliadorapredial.com.br\/blog\/wp-content\/uploads\/onde-morar-porto-alegre.webp 738w, https:\/\/auxiliadorapredial.com.br\/blog\/wp-content\/uploads\/onde-morar-porto-alegre-300x142.webp 300w\" sizes=\"(max-width: 738px) 100vw, 738px\" \/>\t\t\t\t\t\t\t\t\t\t\t\t\t<\/div>\n\t\t\t\t<\/div>\n\t\t\t\t\t<\/div>\n\t\t<\/div>\n\t\t\t\t<div class=\"elementor-column elementor-col-50 elementor-inner-column elementor-element elementor-element-362b8ca\" data-id=\"362b8ca\" data-element_type=\"column\" id=\"box-morar\" data-settings=\"{&quot;background_background&quot;:&quot;classic&quot;}\">\n\t\t\t<div class=\"elementor-widget-wrap elementor-element-populated\">\n\t\t\t\t\t\t<div class=\"elementor-element elementor-element-13f3931 elementor-widget elementor-widget-text-editor\" data-id=\"13f3931\" data-element_type=\"widget\" data-widget_type=\"text-editor.default\">\n\t\t\t\t<div class=\"elementor-widget-container\">\n\t\t\t\t\t\t\t<h3><strong>Onde morar?<\/strong><\/h3><p data-pm-slice=\"1 1 [&quot;list&quot;,{},&quot;list_item&quot;,{&quot;indent&quot;:1,&quot;type&quot;:&quot;bulleted&quot;}]\">Fa\u00e7a o teste e descubra qual bairro de Porto Alegre \u00e9 mais a sua cara<\/p>\t\t\t\t\t\t<\/div>\n\t\t\t\t<\/div>\n\t\t\t\t<div class=\"elementor-element elementor-element-8ef0042 elementor-widget elementor-widget-button\" data-id=\"8ef0042\" data-element_type=\"widget\" data-widget_type=\"button.default\">\n\t\t\t\t<div class=\"elementor-widget-container\">\n\t\t\t\t\t<div class=\"elementor-button-wrapper\">\n\t\t\t<a class=\"elementor-button elementor-button-link elementor-size-md elementor-animation-shrink\" href=\"https:\/\/www.auxiliadorapredial.com.br\/blog\/quiz-quais-bairros-de-porto-alegre-tem-a-sua-cara\/\" target=\"_blank\">\n\t\t\t\t\t\t<span class=\"elementor-button-content-wrapper\">\n\t\t\t\t\t\t<span class=\"elementor-button-icon\">\n\t\t\t\t<i aria-hidden=\"true\" class=\"fas fa-angle-right\"><\/i>\t\t\t<\/span>\n\t\t\t\t\t\t\t\t\t<span class=\"elementor-button-text\">Clique e fa\u00e7a o teste agora<\/span>\n\t\t\t\t\t<\/span>\n\t\t\t\t\t<\/a>\n\t\t<\/div>\n\t\t\t\t<\/div>\n\t\t\t\t<\/div>\n\t\t\t\t\t<\/div>\n\t\t<\/div>\n\t\t\t\t\t<\/div>\n\t\t<\/section>\n\t\t\t\t\t<\/div>\n\t\t<\/div>\n\t\t\t\t\t<\/div>\n\t\t<\/section>\n\t\t\t\t<section class=\"elementor-section elementor-top-section elementor-element elementor-element-fab88fa elementor-section-height-min-height elementor-section-boxed elementor-section-height-default elementor-section-items-middle\" data-id=\"fab88fa\" data-element_type=\"section\" id=\"list-corporate\">\n\t\t\t\t\t\t<div class=\"elementor-container elementor-column-gap-default\">\n\t\t\t\t\t<div class=\"elementor-column elementor-col-100 elementor-top-column elementor-element elementor-element-a200ccc\" data-id=\"a200ccc\" data-element_type=\"column\">\n\t\t\t<div class=\"elementor-widget-wrap elementor-element-populated\">\n\t\t\t\t\t\t<div class=\"elementor-element elementor-element-359fbde elementor-widget elementor-widget-text-editor\" data-id=\"359fbde\" data-element_type=\"widget\" data-widget_type=\"text-editor.default\">\n\t\t\t\t<div class=\"elementor-widget-container\">\n\t\t\t\t\t\t\t<h2 style=\"font-size: 40px; margin: 0 0 10px;\"><strong>Comercial<\/strong><\/h2><p>Para trabalhar<\/p>\t\t\t\t\t\t<\/div>\n\t\t\t\t<\/div>\n\t\t\t\t<div class=\"elementor-element elementor-element-d604690 e-transform elementor-grid-tablet-1 elementor-grid-3 elementor-grid-mobile-1 elementor-posts--thumbnail-top elementor-card-shadow-yes elementor-posts__hover-gradient elementor-widget elementor-widget-posts\" data-id=\"d604690\" data-element_type=\"widget\" data-settings=\"{&quot;cards_masonry&quot;:&quot;yes&quot;,&quot;cards_columns_tablet&quot;:&quot;1&quot;,&quot;cards_columns&quot;:&quot;3&quot;,&quot;cards_columns_mobile&quot;:&quot;1&quot;,&quot;cards_row_gap&quot;:{&quot;unit&quot;:&quot;px&quot;,&quot;size&quot;:35,&quot;sizes&quot;:[]},&quot;cards_row_gap_tablet&quot;:{&quot;unit&quot;:&quot;px&quot;,&quot;size&quot;:&quot;&quot;,&quot;sizes&quot;:[]},&quot;cards_row_gap_mobile&quot;:{&quot;unit&quot;:&quot;px&quot;,&quot;size&quot;:&quot;&quot;,&quot;sizes&quot;:[]},&quot;_transform_scale_effect&quot;:{&quot;unit&quot;:&quot;px&quot;,&quot;size&quot;:&quot;&quot;,&quot;sizes&quot;:[]},&quot;_transform_scale_effect_tablet&quot;:{&quot;unit&quot;:&quot;px&quot;,&quot;size&quot;:&quot;&quot;,&quot;sizes&quot;:[]},&quot;_transform_scale_effect_mobile&quot;:{&quot;unit&quot;:&quot;px&quot;,&quot;size&quot;:&quot;&quot;,&quot;sizes&quot;:[]}}\" data-widget_type=\"posts.cards\">\n\t\t\t\t<div class=\"elementor-widget-container\">\n\t\t\t\t\t<div class=\"elementor-posts-container elementor-posts elementor-posts--skin-cards elementor-grid\">\r\n\t\t\t\t<article class=\"elementor-post elementor-grid-item post-16776 post type-post status-publish format-standard has-post-thumbnail hentry category-meu-negocio tag-imoveis-comerciais tag-lajeado tag-meu-negocio tag-valorizacao-imoveis-comerciais-lajeado\">\r\n\t\t\t<div class=\"elementor-post__card\">\r\n\t\t\t\t<a class=\"elementor-post__thumbnail__link\" href=\"https:\/\/auxiliadorapredial.com.br\/blog\/potencial-de-valorizacao-de-imoveis-comerciais-em-lajeado-como-avaliar\/\" ><div class=\"elementor-post__thumbnail\"><img loading=\"lazy\" decoding=\"async\" width=\"672\" height=\"448\" src=\"https:\/\/auxiliadorapredial.com.br\/blog\/wp-content\/uploads\/Potencial-de-valorizacao-de-imoveis-comerciais-em-Lajeado-Capa-1.webp\" class=\"attachment-full size-full wp-image-16780\" alt=\"Potencial de valoriza\u00e7\u00e3o de im\u00f3veis comerciais em Lajeado\" srcset=\"https:\/\/auxiliadorapredial.com.br\/blog\/wp-content\/uploads\/Potencial-de-valorizacao-de-imoveis-comerciais-em-Lajeado-Capa-1.webp 672w, https:\/\/auxiliadorapredial.com.br\/blog\/wp-content\/uploads\/Potencial-de-valorizacao-de-imoveis-comerciais-em-Lajeado-Capa-1-300x200.webp 300w\" sizes=\"(max-width: 672px) 100vw, 672px\" \/><\/div><\/a>\r\n\t\t\t\t<div class=\"elementor-post__badge\">Meu Neg\u00f3cio<\/div>\r\n\t\t\t\t<div class=\"elementor-post__text\">\r\n\t\t\t\t<h3 class=\"elementor-post__title\">\r\n\t\t\t<a href=\"https:\/\/auxiliadorapredial.com.br\/blog\/potencial-de-valorizacao-de-imoveis-comerciais-em-lajeado-como-avaliar\/\" >\r\n\t\t\t\tPotencial de valoriza\u00e7\u00e3o de im\u00f3veis comerciais em Lajeado: como avaliar?\t\t\t<\/a>\r\n\t\t<\/h3>\r\n\t\t\t\t<div class=\"elementor-post__excerpt\">\r\n\t\t\t<p>Investir em im\u00f3veis comerciais em Lajeado pode ser muito rent\u00e1vel, especialmente em \u00e1reas com boa localiza\u00e7\u00e3o, infraestrutura e crescimento econ\u00f4mico. Fatores como demanda do mercado, regulariza\u00e7\u00e3o e tend\u00eancias como coworking e sustentabilidade influenciam na valoriza\u00e7\u00e3o<\/p>\n\t\t<\/div>\r\n\t\t\r\n\t\t<a class=\"elementor-post__read-more\" href=\"https:\/\/auxiliadorapredial.com.br\/blog\/potencial-de-valorizacao-de-imoveis-comerciais-em-lajeado-como-avaliar\/\" >\r\n\t\t\tLeia \u00bb\t\t<\/a>\r\n\r\n\t\t\t\t<\/div>\r\n\t\t\t\t\t<\/div>\r\n\t\t<\/article>\r\n\t\t\t\t<article class=\"elementor-post elementor-grid-item post-16668 post type-post status-publish format-standard has-post-thumbnail hentry category-meu-negocio tag-imoveis-comerciais-em-lajeado tag-lajeado tag-meu-negocio\">\r\n\t\t\t<div class=\"elementor-post__card\">\r\n\t\t\t\t<a class=\"elementor-post__thumbnail__link\" href=\"https:\/\/auxiliadorapredial.com.br\/blog\/oportunidades-no-mercado-de-imoveis-comerciais-em-lajeado-como-escolher-o-local-perfeito-para-seu-negocio\/\" ><div class=\"elementor-post__thumbnail\"><img loading=\"lazy\" decoding=\"async\" width=\"1224\" height=\"816\" src=\"https:\/\/auxiliadorapredial.com.br\/blog\/wp-content\/uploads\/imoveis-comerciais-em-lajeado-Capa.webp\" class=\"attachment-full size-full wp-image-16669\" alt=\"im\u00f3veis comerciais em lajeado\" srcset=\"https:\/\/auxiliadorapredial.com.br\/blog\/wp-content\/uploads\/imoveis-comerciais-em-lajeado-Capa.webp 1224w, https:\/\/auxiliadorapredial.com.br\/blog\/wp-content\/uploads\/imoveis-comerciais-em-lajeado-Capa-300x200.webp 300w, https:\/\/auxiliadorapredial.com.br\/blog\/wp-content\/uploads\/imoveis-comerciais-em-lajeado-Capa-1024x683.webp 1024w, https:\/\/auxiliadorapredial.com.br\/blog\/wp-content\/uploads\/imoveis-comerciais-em-lajeado-Capa-768x512.webp 768w\" sizes=\"(max-width: 1224px) 100vw, 1224px\" \/><\/div><\/a>\r\n\t\t\t\t<div class=\"elementor-post__badge\">Meu Neg\u00f3cio<\/div>\r\n\t\t\t\t<div class=\"elementor-post__text\">\r\n\t\t\t\t<h3 class=\"elementor-post__title\">\r\n\t\t\t<a href=\"https:\/\/auxiliadorapredial.com.br\/blog\/oportunidades-no-mercado-de-imoveis-comerciais-em-lajeado-como-escolher-o-local-perfeito-para-seu-negocio\/\" >\r\n\t\t\t\tOportunidades no mercado de im\u00f3veis comerciais em Lajeado: como escolher o local perfeito para seu neg\u00f3cio\t\t\t<\/a>\r\n\t\t<\/h3>\r\n\t\t\t\t<div class=\"elementor-post__excerpt\">\r\n\t\t\t<p>Confira os principais aspectos que voc\u00ea deve cuidar na hora de procurar im\u00f3veis comerciais em Lajeado, da localiza\u00e7\u00e3o ao tipo de ponto!<\/p>\n\t\t<\/div>\r\n\t\t\r\n\t\t<a class=\"elementor-post__read-more\" href=\"https:\/\/auxiliadorapredial.com.br\/blog\/oportunidades-no-mercado-de-imoveis-comerciais-em-lajeado-como-escolher-o-local-perfeito-para-seu-negocio\/\" >\r\n\t\t\tLeia \u00bb\t\t<\/a>\r\n\r\n\t\t\t\t<\/div>\r\n\t\t\t\t\t<\/div>\r\n\t\t<\/article>\r\n\t\t\t\t<article class=\"elementor-post elementor-grid-item post-16609 post type-post status-publish format-standard has-post-thumbnail hentry category-meu-negocio tag-meu-negocio tag-pequenas-empresas tag-responsabilidade-social\">\r\n\t\t\t<div class=\"elementor-post__card\">\r\n\t\t\t\t<a class=\"elementor-post__thumbnail__link\" href=\"https:\/\/auxiliadorapredial.com.br\/blog\/qual-a-importancia-da-responsabilidade-social-em-pequenas-empresas\/\" ><div class=\"elementor-post__thumbnail\"><img loading=\"lazy\" decoding=\"async\" width=\"1000\" height=\"667\" src=\"https:\/\/auxiliadorapredial.com.br\/blog\/wp-content\/uploads\/responsabilidade-social-em-pequenas-empresas-Capa.webp\" class=\"attachment-full size-full wp-image-16611\" alt=\"Qual a import\u00e2ncia da responsabilidade social em pequenas empresas?\" srcset=\"https:\/\/auxiliadorapredial.com.br\/blog\/wp-content\/uploads\/responsabilidade-social-em-pequenas-empresas-Capa.webp 1000w, https:\/\/auxiliadorapredial.com.br\/blog\/wp-content\/uploads\/responsabilidade-social-em-pequenas-empresas-Capa-300x200.webp 300w, https:\/\/auxiliadorapredial.com.br\/blog\/wp-content\/uploads\/responsabilidade-social-em-pequenas-empresas-Capa-768x512.webp 768w\" sizes=\"(max-width: 1000px) 100vw, 1000px\" \/><\/div><\/a>\r\n\t\t\t\t<div class=\"elementor-post__badge\">Meu Neg\u00f3cio<\/div>\r\n\t\t\t\t<div class=\"elementor-post__text\">\r\n\t\t\t\t<h3 class=\"elementor-post__title\">\r\n\t\t\t<a href=\"https:\/\/auxiliadorapredial.com.br\/blog\/qual-a-importancia-da-responsabilidade-social-em-pequenas-empresas\/\" >\r\n\t\t\t\tQual a import\u00e2ncia da responsabilidade social em pequenas empresas?\t\t\t<\/a>\r\n\t\t<\/h3>\r\n\t\t\t\t<div class=\"elementor-post__excerpt\">\r\n\t\t\t<p>Descubra como a responsabilidade social em pequenas empresas pode melhorar sua imagem e atrair mais clientes para o seu neg\u00f3cio.<\/p>\n\t\t<\/div>\r\n\t\t\r\n\t\t<a class=\"elementor-post__read-more\" href=\"https:\/\/auxiliadorapredial.com.br\/blog\/qual-a-importancia-da-responsabilidade-social-em-pequenas-empresas\/\" >\r\n\t\t\tLeia \u00bb\t\t<\/a>\r\n\r\n\t\t\t\t<\/div>\r\n\t\t\t\t\t<\/div>\r\n\t\t<\/article>\r\n\t\t\t\t<\/div>\r\n\r\n\r\n\t\t\r\n\t\t\t\t<\/div>\n\t\t\t\t<\/div>\n\t\t\t\t<div class=\"elementor-element elementor-element-fa54c2e elementor-hidden-desktop elementor-widget elementor-widget-button\" data-id=\"fa54c2e\" data-element_type=\"widget\" data-widget_type=\"button.default\">\n\t\t\t\t<div class=\"elementor-widget-container\">\n\t\t\t\t\t<div class=\"elementor-button-wrapper\">\n\t\t\t<a class=\"elementor-button elementor-button-link elementor-size-md\" href=\"https:\/\/www.auxiliadorapredial.com.br\/blog\/Categoria\/meu-negocio\/\" target=\"_blank\">\n\t\t\t\t\t\t<span class=\"elementor-button-content-wrapper\">\n\t\t\t\t\t\t\t\t\t<span class=\"elementor-button-text\">Ver mais ><\/span>\n\t\t\t\t\t<\/span>\n\t\t\t\t\t<\/a>\n\t\t<\/div>\n\t\t\t\t<\/div>\n\t\t\t\t<\/div>\n\t\t\t\t\t<\/div>\n\t\t<\/div>\n\t\t\t\t\t<\/div>\n\t\t<\/section>\n\t\t\t\t<section class=\"elementor-section elementor-top-section elementor-element elementor-element-6f23755 elementor-section-content-middle elementor-section-boxed elementor-section-height-default elementor-section-height-default\" data-id=\"6f23755\" data-element_type=\"section\" id=\"container-conteudo\" data-settings=\"{&quot;background_background&quot;:&quot;classic&quot;}\">\n\t\t\t\t\t\t<div class=\"elementor-container elementor-column-gap-default\">\n\t\t\t\t\t<div class=\"elementor-column elementor-col-100 elementor-top-column elementor-element elementor-element-f71c5de\" data-id=\"f71c5de\" data-element_type=\"column\">\n\t\t\t<div class=\"elementor-widget-wrap elementor-element-populated\">\n\t\t\t\t\t\t<section class=\"elementor-section elementor-inner-section elementor-element elementor-element-41f10bb elementor-section-content-middle elementor-section-boxed elementor-section-height-default elementor-section-height-default\" data-id=\"41f10bb\" data-element_type=\"section\">\n\t\t\t\t\t\t<div class=\"elementor-container elementor-column-gap-default\">\n\t\t\t\t\t<div class=\"elementor-column elementor-col-50 elementor-inner-column elementor-element elementor-element-8d25c27\" data-id=\"8d25c27\" data-element_type=\"column\">\n\t\t\t<div class=\"elementor-widget-wrap elementor-element-populated\">\n\t\t\t\t\t\t<div class=\"elementor-element elementor-element-bd0214e elementor-widget elementor-widget-image\" data-id=\"bd0214e\" data-element_type=\"widget\" data-widget_type=\"image.default\">\n\t\t\t\t<div class=\"elementor-widget-container\">\n\t\t\t\t\t\t\t\t\t\t\t\t\t<img loading=\"lazy\" decoding=\"async\" width=\"546\" height=\"364\" src=\"https:\/\/auxiliadorapredial.com.br\/blog\/wp-content\/uploads\/newsletter-auxiliadora-predial.webp\" class=\"attachment-full size-full wp-image-12616\" alt=\"Assine a Newsletter da Auxiliadora Predial e saiba o melhor do mundo imobili\u00e1rio!\" srcset=\"https:\/\/auxiliadorapredial.com.br\/blog\/wp-content\/uploads\/newsletter-auxiliadora-predial.webp 546w, https:\/\/auxiliadorapredial.com.br\/blog\/wp-content\/uploads\/newsletter-auxiliadora-predial-300x200.webp 300w\" sizes=\"(max-width: 546px) 100vw, 546px\" \/>\t\t\t\t\t\t\t\t\t\t\t\t\t<\/div>\n\t\t\t\t<\/div>\n\t\t\t\t\t<\/div>\n\t\t<\/div>\n\t\t\t\t<div class=\"elementor-column elementor-col-50 elementor-inner-column elementor-element elementor-element-2d24123\" data-id=\"2d24123\" data-element_type=\"column\" id=\"receba-conteudos\" data-settings=\"{&quot;background_background&quot;:&quot;classic&quot;}\">\n\t\t\t<div class=\"elementor-widget-wrap elementor-element-populated\">\n\t\t\t\t\t\t<div class=\"elementor-element elementor-element-15e01b0 elementor-widget elementor-widget-text-editor\" data-id=\"15e01b0\" data-element_type=\"widget\" data-widget_type=\"text-editor.default\">\n\t\t\t\t<div class=\"elementor-widget-container\">\n\t\t\t\t\t\t\t<h4><strong>Receba mais conte\u00fados como esse!<\/strong><\/h4><p>Assine a nossa newsletter<\/p>\t\t\t\t\t\t<\/div>\n\t\t\t\t<\/div>\n\t\t\t\t<div class=\"elementor-element elementor-element-d4bbbb6 elementor-button-align-stretch elementor-widget elementor-widget-form\" data-id=\"d4bbbb6\" data-element_type=\"widget\" data-settings=\"{&quot;step_next_label&quot;:&quot;Next&quot;,&quot;step_previous_label&quot;:&quot;Previous&quot;,&quot;button_width&quot;:&quot;100&quot;,&quot;step_type&quot;:&quot;number_text&quot;,&quot;step_icon_shape&quot;:&quot;circle&quot;}\" data-widget_type=\"form.default\">\n\t\t\t\t<div class=\"elementor-widget-container\">\n\t\t\t\t\t<form class=\"elementor-form\" method=\"post\" name=\"New Form\">\r\n\t\t\t<input type=\"hidden\" name=\"post_id\" value=\"9196\"\/>\r\n\t\t\t<input type=\"hidden\" name=\"form_id\" value=\"d4bbbb6\"\/>\r\n\t\t\t<input type=\"hidden\" name=\"referer_title\" value=\"Blog da Auxiliadora Predial &#8211; Tudo sobre im\u00f3veis e condom\u00ednios\" \/>\r\n\r\n\t\t\t\r\n\t\t\t<div class=\"elementor-form-fields-wrapper elementor-labels-\">\r\n\t\t\t\t\t\t\t\t<div class=\"elementor-field-type-text elementor-field-group elementor-column elementor-field-group-name elementor-col-100 elementor-field-required\">\r\n\t\t\t\t\t\t\t\t\t\t\t\t<label for=\"form-field-name\" class=\"elementor-field-label elementor-screen-only\">\r\n\t\t\t\t\t\t\t\tNome\t\t\t\t\t\t\t<\/label>\r\n\t\t\t\t\t\t\t\t\t\t\t\t\t\t<input size=\"1\" type=\"text\" name=\"form_fields[name]\" id=\"form-field-name\" class=\"elementor-field elementor-size-sm  elementor-field-textual\" placeholder=\"Nome\" required=\"required\" aria-required=\"true\">\r\n\t\t\t\t\t\t\t\t\t\t\t<\/div>\r\n\t\t\t\t\t\t\t\t<div class=\"elementor-field-type-email elementor-field-group elementor-column elementor-field-group-email elementor-col-100 elementor-field-required\">\r\n\t\t\t\t\t\t\t\t\t\t\t\t<label for=\"form-field-email\" class=\"elementor-field-label elementor-screen-only\">\r\n\t\t\t\t\t\t\t\tEmail\t\t\t\t\t\t\t<\/label>\r\n\t\t\t\t\t\t\t\t\t\t\t\t\t\t<input size=\"1\" type=\"email\" name=\"form_fields[email]\" id=\"form-field-email\" class=\"elementor-field elementor-size-sm  elementor-field-textual\" placeholder=\"Email\" required=\"required\" aria-required=\"true\">\r\n\t\t\t\t\t\t\t\t\t\t\t<\/div>\r\n\t\t\t\t\t\t\t\t<div class=\"elementor-field-group elementor-column elementor-field-type-submit elementor-col-100 e-form__buttons\">\r\n\t\t\t\t\t<button type=\"submit\" class=\"elementor-button elementor-size-sm elementor-animation-shrink\">\r\n\t\t\t\t\t\t<span >\r\n\t\t\t\t\t\t\t\t\t\t\t\t\t\t\t<span class=\"elementor-align-icon-right elementor-button-icon\">\r\n\t\t\t\t\t\t\t\t\t<i aria-hidden=\"true\" class=\"fas fa-chevron-right\"><\/i>\t\t\t\t\t\t\t\t\t\t\t\t\t\t\t\t\t<\/span>\r\n\t\t\t\t\t\t\t\t\t\t\t\t\t\t\t\t\t\t\t\t\t\t<span class=\"elementor-button-text\">Assine agora<\/span>\r\n\t\t\t\t\t\t\t\t\t\t\t\t\t<\/span>\r\n\t\t\t\t\t<\/button>\r\n\t\t\t\t<\/div>\r\n\t\t\t<\/div>\r\n\t\t<\/form>\r\n\t\t\t\t<\/div>\n\t\t\t\t<\/div>\n\t\t\t\t\t<\/div>\n\t\t<\/div>\n\t\t\t\t\t<\/div>\n\t\t<\/section>\n\t\t\t\t\t<\/div>\n\t\t<\/div>\n\t\t\t\t\t<\/div>\n\t\t<\/section>\n\t\t\t\t<section class=\"elementor-section elementor-top-section elementor-element elementor-element-9698776 elementor-section-boxed elementor-section-height-default elementor-section-height-default\" data-id=\"9698776\" data-element_type=\"section\">\n\t\t\t\t\t\t<div class=\"elementor-container elementor-column-gap-default\">\n\t\t\t\t\t<div class=\"elementor-column elementor-col-100 elementor-top-column elementor-element elementor-element-22e0461\" data-id=\"22e0461\" data-element_type=\"column\">\n\t\t\t<div class=\"elementor-widget-wrap elementor-element-populated\">\n\t\t\t\t\t\t<div class=\"elementor-element elementor-element-c7e3024 elementor-hidden-desktop elementor-widget elementor-widget-image\" data-id=\"c7e3024\" data-element_type=\"widget\" data-widget_type=\"image.default\">\n\t\t\t\t<div class=\"elementor-widget-container\">\n\t\t\t\t\t\t\t\t\t\t\t\t\t\t<a href=\"https:\/\/www.auxiliadorapredial.com.br\/calculadora\" target=\"_blank\">\n\t\t\t\t\t\t\t<img loading=\"lazy\" decoding=\"async\" width=\"329\" height=\"320\" src=\"https:\/\/auxiliadorapredial.com.br\/blog\/wp-content\/uploads\/calculadora-aluguel-imovel.png\" class=\"attachment-medium_large size-medium_large wp-image-11652\" alt=\"Calculadora de Aluguel de Im\u00f3vel\" srcset=\"https:\/\/auxiliadorapredial.com.br\/blog\/wp-content\/uploads\/calculadora-aluguel-imovel.png 329w, https:\/\/auxiliadorapredial.com.br\/blog\/wp-content\/uploads\/calculadora-aluguel-imovel-300x292.png 300w\" sizes=\"(max-width: 329px) 100vw, 329px\" \/>\t\t\t\t\t\t\t\t<\/a>\n\t\t\t\t\t\t\t\t\t\t\t\t\t<\/div>\n\t\t\t\t<\/div>\n\t\t\t\t<div class=\"elementor-element elementor-element-4ccdebf elementor-widget elementor-widget-heading\" data-id=\"4ccdebf\" data-element_type=\"widget\" id=\"moradia\" data-widget_type=\"heading.default\">\n\t\t\t\t<div class=\"elementor-widget-container\">\n\t\t\t<h2 class=\"elementor-heading-title elementor-size-default\">Novidades<\/h2>\t\t<\/div>\n\t\t\t\t<\/div>\n\t\t\t\t<div class=\"elementor-element elementor-element-c2de5f5 elementor-widget elementor-widget-text-editor\" data-id=\"c2de5f5\" data-element_type=\"widget\" data-widget_type=\"text-editor.default\">\n\t\t\t\t<div class=\"elementor-widget-container\">\n\t\t\t\t\t\t\t<p>Auxiliadora Predial<\/p>\t\t\t\t\t\t<\/div>\n\t\t\t\t<\/div>\n\t\t\t\t\t<\/div>\n\t\t<\/div>\n\t\t\t\t\t<\/div>\n\t\t<\/section>\n\t\t\t\t<section class=\"elementor-section elementor-top-section elementor-element elementor-element-3a8730c elementor-section-boxed elementor-section-height-default elementor-section-height-default\" data-id=\"3a8730c\" data-element_type=\"section\">\n\t\t\t\t\t\t<div class=\"elementor-container elementor-column-gap-default\">\n\t\t\t\t\t<div class=\"elementor-column elementor-col-50 elementor-top-column elementor-element elementor-element-a79c1d5\" data-id=\"a79c1d5\" data-element_type=\"column\">\n\t\t\t<div class=\"elementor-widget-wrap elementor-element-populated\">\n\t\t\t\t\t\t<div class=\"elementor-element elementor-element-127fccf elementor-grid-1 elementor-posts--thumbnail-left elementor-posts--align-left elementor-hidden-tablet elementor-hidden-mobile elementor-grid-tablet-2 elementor-grid-mobile-1 elementor-widget elementor-widget-posts\" data-id=\"127fccf\" data-element_type=\"widget\" id=\"posts-calculadora\" data-settings=\"{&quot;classic_columns&quot;:&quot;1&quot;,&quot;classic_row_gap&quot;:{&quot;unit&quot;:&quot;px&quot;,&quot;size&quot;:30,&quot;sizes&quot;:[]},&quot;classic_columns_tablet&quot;:&quot;2&quot;,&quot;classic_columns_mobile&quot;:&quot;1&quot;,&quot;classic_row_gap_tablet&quot;:{&quot;unit&quot;:&quot;px&quot;,&quot;size&quot;:&quot;&quot;,&quot;sizes&quot;:[]},&quot;classic_row_gap_mobile&quot;:{&quot;unit&quot;:&quot;px&quot;,&quot;size&quot;:&quot;&quot;,&quot;sizes&quot;:[]}}\" data-widget_type=\"posts.classic\">\n\t\t\t\t<div class=\"elementor-widget-container\">\n\t\t\t\t\t<div class=\"elementor-posts-container elementor-posts elementor-posts--skin-classic elementor-grid\">\r\n\t\t\t\t<article class=\"elementor-post elementor-grid-item post-17257 post type-post status-publish format-standard has-post-thumbnail hentry category-noticias-da-auxi tag-administracao-de-condominio tag-reclame-aqui\">\r\n\t\t\t\t<a class=\"elementor-post__thumbnail__link\" href=\"https:\/\/auxiliadorapredial.com.br\/blog\/votacao-do-reclame-aqui-2025-auxiliadora-predial-concorre-em-administracao-de-condominios\/\" >\r\n\t\t\t<div class=\"elementor-post__thumbnail\"><img loading=\"lazy\" decoding=\"async\" width=\"1536\" height=\"641\" src=\"https:\/\/auxiliadorapredial.com.br\/blog\/wp-content\/uploads\/Votacao-do-Reclame-Aqui-2025-Auxiliadora-Predial-concorreem-Administracao-de-Condominios.webp\" class=\"attachment-full size-full wp-image-17258\" alt=\"Saiba como votar no Pr\u00eamio Reclame Aqui\" srcset=\"https:\/\/auxiliadorapredial.com.br\/blog\/wp-content\/uploads\/Votacao-do-Reclame-Aqui-2025-Auxiliadora-Predial-concorreem-Administracao-de-Condominios.webp 1536w, https:\/\/auxiliadorapredial.com.br\/blog\/wp-content\/uploads\/Votacao-do-Reclame-Aqui-2025-Auxiliadora-Predial-concorreem-Administracao-de-Condominios-300x125.webp 300w, https:\/\/auxiliadorapredial.com.br\/blog\/wp-content\/uploads\/Votacao-do-Reclame-Aqui-2025-Auxiliadora-Predial-concorreem-Administracao-de-Condominios-1024x427.webp 1024w, https:\/\/auxiliadorapredial.com.br\/blog\/wp-content\/uploads\/Votacao-do-Reclame-Aqui-2025-Auxiliadora-Predial-concorreem-Administracao-de-Condominios-768x321.webp 768w\" sizes=\"(max-width: 1536px) 100vw, 1536px\" \/><\/div>\r\n\t\t<\/a>\r\n\t\t\t\t<div class=\"elementor-post__text\">\r\n\t\t\t\t<h2 class=\"elementor-post__title\">\r\n\t\t\t<a href=\"https:\/\/auxiliadorapredial.com.br\/blog\/votacao-do-reclame-aqui-2025-auxiliadora-predial-concorre-em-administracao-de-condominios\/\" >\r\n\t\t\t\tVota\u00e7\u00e3o do Reclame Aqui 2025: Auxiliadora Predial concorre em Administra\u00e7\u00e3o de Condom\u00ednios\t\t\t<\/a>\r\n\t\t<\/h2>\r\n\t\t\t\t<div class=\"elementor-post__excerpt\">\r\n\t\t\t<p>Saiba mais sobre a vota\u00e7\u00e3o Reclame Aqui e como votar na Auxiliadora Predial na categoria Administra\u00e7\u00e3o de Condom\u00ednios em 2025. A vota\u00e7\u00e3o ocorre entre 01\/09 e 07\/11.<\/p>\n\t\t<\/div>\r\n\t\t\t\t\t<div class=\"elementor-post__read-more-wrapper\">\r\n\t\t\r\n\t\t<a class=\"elementor-post__read-more\" href=\"https:\/\/auxiliadorapredial.com.br\/blog\/votacao-do-reclame-aqui-2025-auxiliadora-predial-concorre-em-administracao-de-condominios\/\" >\r\n\t\t\tLeia \u00bb\t\t<\/a>\r\n\r\n\t\t\t\t\t<\/div>\r\n\t\t\t\t<\/div>\r\n\t\t\t\t<\/article>\r\n\t\t\t\t<article class=\"elementor-post elementor-grid-item post-17179 post type-post status-publish format-standard has-post-thumbnail hentry category-noticias-da-auxi tag-administracao-de-condominio tag-auxiliadora-predial tag-reclame-aqui\">\r\n\t\t\t\t<a class=\"elementor-post__thumbnail__link\" href=\"https:\/\/auxiliadorapredial.com.br\/blog\/premio-reclame-aqui-2025-auxiliadora-predial-e-indicada-na-categoria-administradoras-de-condominio\/\" >\r\n\t\t\t<div class=\"elementor-post__thumbnail\"><img loading=\"lazy\" decoding=\"async\" width=\"1200\" height=\"600\" src=\"https:\/\/auxiliadorapredial.com.br\/blog\/wp-content\/uploads\/banner-RA.png\" class=\"attachment-full size-full wp-image-17193\" alt=\"Pr\u00eamio Reclame Aqui\" srcset=\"https:\/\/auxiliadorapredial.com.br\/blog\/wp-content\/uploads\/banner-RA.png 1200w, https:\/\/auxiliadorapredial.com.br\/blog\/wp-content\/uploads\/banner-RA-300x150.png 300w, https:\/\/auxiliadorapredial.com.br\/blog\/wp-content\/uploads\/banner-RA-1024x512.png 1024w, https:\/\/auxiliadorapredial.com.br\/blog\/wp-content\/uploads\/banner-RA-768x384.png 768w\" sizes=\"(max-width: 1200px) 100vw, 1200px\" \/><\/div>\r\n\t\t<\/a>\r\n\t\t\t\t<div class=\"elementor-post__text\">\r\n\t\t\t\t<h2 class=\"elementor-post__title\">\r\n\t\t\t<a href=\"https:\/\/auxiliadorapredial.com.br\/blog\/premio-reclame-aqui-2025-auxiliadora-predial-e-indicada-na-categoria-administradoras-de-condominio\/\" >\r\n\t\t\t\tPr\u00eamio Reclame Aqui 2025: Auxiliadora Predial \u00e9 indicada na categoria Administradoras de Condom\u00ednio\t\t\t<\/a>\r\n\t\t<\/h2>\r\n\t\t\t\t<div class=\"elementor-post__excerpt\">\r\n\t\t\t<p>A Auxiliadora Predial foi indicada ao Pr\u00eamio Reclame Aqui 2025, uma das maiores premia\u00e7\u00f5es de reputa\u00e7\u00e3o e atendimento ao cliente no Brasil. Saiba mais!<\/p>\n\t\t<\/div>\r\n\t\t\t\t\t<div class=\"elementor-post__read-more-wrapper\">\r\n\t\t\r\n\t\t<a class=\"elementor-post__read-more\" href=\"https:\/\/auxiliadorapredial.com.br\/blog\/premio-reclame-aqui-2025-auxiliadora-predial-e-indicada-na-categoria-administradoras-de-condominio\/\" >\r\n\t\t\tLeia \u00bb\t\t<\/a>\r\n\r\n\t\t\t\t\t<\/div>\r\n\t\t\t\t<\/div>\r\n\t\t\t\t<\/article>\r\n\t\t\t\t<article class=\"elementor-post elementor-grid-item post-17102 post type-post status-publish format-standard has-post-thumbnail hentry category-noticias-da-auxi tag-noticias-da-auxi tag-reclame-aqui\">\r\n\t\t\t\t<a class=\"elementor-post__thumbnail__link\" href=\"https:\/\/auxiliadorapredial.com.br\/blog\/auxiliadora-predial-e-reclame-aqui-excelencia-reconhecida\/\" >\r\n\t\t\t<div class=\"elementor-post__thumbnail\"><img loading=\"lazy\" decoding=\"async\" width=\"1920\" height=\"1080\" src=\"https:\/\/auxiliadorapredial.com.br\/blog\/wp-content\/uploads\/BannerRAselo-1.png\" class=\"attachment-full size-full wp-image-17103\" alt=\"Auxiliadora Predial e Reclame Aqui: excel\u00eancia reconhecida\" srcset=\"https:\/\/auxiliadorapredial.com.br\/blog\/wp-content\/uploads\/BannerRAselo-1.png 1920w, https:\/\/auxiliadorapredial.com.br\/blog\/wp-content\/uploads\/BannerRAselo-1-300x169.png 300w, https:\/\/auxiliadorapredial.com.br\/blog\/wp-content\/uploads\/BannerRAselo-1-1024x576.png 1024w, https:\/\/auxiliadorapredial.com.br\/blog\/wp-content\/uploads\/BannerRAselo-1-768x432.png 768w, https:\/\/auxiliadorapredial.com.br\/blog\/wp-content\/uploads\/BannerRAselo-1-1536x864.png 1536w\" sizes=\"(max-width: 1920px) 100vw, 1920px\" \/><\/div>\r\n\t\t<\/a>\r\n\t\t\t\t<div class=\"elementor-post__text\">\r\n\t\t\t\t<h2 class=\"elementor-post__title\">\r\n\t\t\t<a href=\"https:\/\/auxiliadorapredial.com.br\/blog\/auxiliadora-predial-e-reclame-aqui-excelencia-reconhecida\/\" >\r\n\t\t\t\tAuxiliadora Predial e Reclame Aqui: excel\u00eancia reconhecida\t\t\t<\/a>\r\n\t\t<\/h2>\r\n\t\t\t\t<div class=\"elementor-post__excerpt\">\r\n\t\t\t<p>A Auxiliadora Predial conquistou a certifica\u00e7\u00e3o do Reclame Aqui, evidenciando seu compromisso com a excel\u00eancia, transpar\u00eancia e confian\u00e7a no atendimento ao cliente. <\/p>\n\t\t<\/div>\r\n\t\t\t\t\t<div class=\"elementor-post__read-more-wrapper\">\r\n\t\t\r\n\t\t<a class=\"elementor-post__read-more\" href=\"https:\/\/auxiliadorapredial.com.br\/blog\/auxiliadora-predial-e-reclame-aqui-excelencia-reconhecida\/\" >\r\n\t\t\tLeia \u00bb\t\t<\/a>\r\n\r\n\t\t\t\t\t<\/div>\r\n\t\t\t\t<\/div>\r\n\t\t\t\t<\/article>\r\n\t\t\t\t<\/div>\r\n\r\n\r\n\t\t\r\n\t\t\t\t<\/div>\n\t\t\t\t<\/div>\n\t\t\t\t\t<\/div>\n\t\t<\/div>\n\t\t\t\t<div class=\"elementor-column elementor-col-50 elementor-top-column elementor-element elementor-element-717c5a8\" data-id=\"717c5a8\" data-element_type=\"column\" data-settings=\"{&quot;background_background&quot;:&quot;classic&quot;}\">\n\t\t\t<div class=\"elementor-widget-wrap elementor-element-populated\">\n\t\t\t\t\t\t<div class=\"elementor-element elementor-element-0d5d16e elementor-hidden-tablet elementor-hidden-mobile elementor-widget elementor-widget-image\" data-id=\"0d5d16e\" data-element_type=\"widget\" data-widget_type=\"image.default\">\n\t\t\t\t<div class=\"elementor-widget-container\">\n\t\t\t\t\t\t\t\t\t\t\t\t\t\t<a href=\"https:\/\/www.auxiliadorapredial.com.br\/calculadora\" target=\"_blank\">\n\t\t\t\t\t\t\t<img loading=\"lazy\" decoding=\"async\" width=\"329\" height=\"320\" src=\"https:\/\/auxiliadorapredial.com.br\/blog\/wp-content\/uploads\/calculadora-aluguel-imovel.png\" class=\"attachment-full size-full wp-image-11652\" alt=\"Calculadora de Aluguel de Im\u00f3vel\" srcset=\"https:\/\/auxiliadorapredial.com.br\/blog\/wp-content\/uploads\/calculadora-aluguel-imovel.png 329w, https:\/\/auxiliadorapredial.com.br\/blog\/wp-content\/uploads\/calculadora-aluguel-imovel-300x292.png 300w\" sizes=\"(max-width: 329px) 100vw, 329px\" \/>\t\t\t\t\t\t\t\t<\/a>\n\t\t\t\t\t\t\t\t\t\t\t\t\t<\/div>\n\t\t\t\t<\/div>\n\t\t\t\t<div class=\"elementor-element elementor-element-ac600f5 elementor-widget-divider--view-line elementor-widget elementor-widget-divider\" data-id=\"ac600f5\" data-element_type=\"widget\" data-widget_type=\"divider.default\">\n\t\t\t\t<div class=\"elementor-widget-container\">\n\t\t\t\t\t<div class=\"elementor-divider\">\n\t\t\t<span class=\"elementor-divider-separator\">\n\t\t\t\t\t\t<\/span>\n\t\t<\/div>\n\t\t\t\t<\/div>\n\t\t\t\t<\/div>\n\t\t\t\t<div class=\"elementor-element elementor-element-e834260 elementor-widget elementor-widget-heading\" data-id=\"e834260\" data-element_type=\"widget\" id=\"moradia\" data-widget_type=\"heading.default\">\n\t\t\t\t<div class=\"elementor-widget-container\">\n\t\t\t<h2 class=\"elementor-heading-title elementor-size-default\">Setor<\/h2>\t\t<\/div>\n\t\t\t\t<\/div>\n\t\t\t\t<div class=\"elementor-element elementor-element-0bfda9d elementor-widget elementor-widget-text-editor\" data-id=\"0bfda9d\" data-element_type=\"widget\" data-widget_type=\"text-editor.default\">\n\t\t\t\t<div class=\"elementor-widget-container\">\n\t\t\t\t\t\t\t<p>Negocia\u00e7\u00f5es e destaques<\/p>\t\t\t\t\t\t<\/div>\n\t\t\t\t<\/div>\n\t\t\t\t<div class=\"elementor-element elementor-element-97d9001 elementor-grid-1 elementor-posts--thumbnail-left elementor-posts--align-left elementor-grid-tablet-1 elementor-grid-mobile-1 elementor-widget elementor-widget-posts\" data-id=\"97d9001\" data-element_type=\"widget\" data-settings=\"{&quot;classic_columns&quot;:&quot;1&quot;,&quot;classic_row_gap&quot;:{&quot;unit&quot;:&quot;px&quot;,&quot;size&quot;:19,&quot;sizes&quot;:[]},&quot;classic_columns_tablet&quot;:&quot;1&quot;,&quot;classic_columns_mobile&quot;:&quot;1&quot;,&quot;classic_row_gap_tablet&quot;:{&quot;unit&quot;:&quot;px&quot;,&quot;size&quot;:&quot;&quot;,&quot;sizes&quot;:[]},&quot;classic_row_gap_mobile&quot;:{&quot;unit&quot;:&quot;px&quot;,&quot;size&quot;:&quot;&quot;,&quot;sizes&quot;:[]}}\" data-widget_type=\"posts.classic\">\n\t\t\t\t<div class=\"elementor-widget-container\">\n\t\t\t\t\t<div class=\"elementor-posts-container elementor-posts elementor-posts--skin-classic elementor-grid\">\r\n\t\t\t\t<article class=\"elementor-post elementor-grid-item post-17457 post type-post status-publish format-standard has-post-thumbnail hentry category-mercado-imobiliario\">\r\n\t\t\t\t<a class=\"elementor-post__thumbnail__link\" href=\"https:\/\/auxiliadorapredial.com.br\/blog\/inadimplencia-em-condominios-por-que-ela-acontece-e-como-uma-gestao-estruturada-evita-que-vire-um-problema-maior\/\" >\r\n\t\t\t<div class=\"elementor-post__thumbnail\"><img fetchpriority=\"high\" decoding=\"async\" width=\"2560\" height=\"1690\" src=\"https:\/\/auxiliadorapredial.com.br\/blog\/wp-content\/uploads\/Inadimplencia-em-condominios-1-scaled.jpg\" class=\"attachment-full size-full wp-image-17462\" alt=\"Inadimpl\u00eancia em condom\u00ednios\" srcset=\"https:\/\/auxiliadorapredial.com.br\/blog\/wp-content\/uploads\/Inadimplencia-em-condominios-1-scaled.jpg 2560w, https:\/\/auxiliadorapredial.com.br\/blog\/wp-content\/uploads\/Inadimplencia-em-condominios-1-300x198.jpg 300w, https:\/\/auxiliadorapredial.com.br\/blog\/wp-content\/uploads\/Inadimplencia-em-condominios-1-1024x676.jpg 1024w, https:\/\/auxiliadorapredial.com.br\/blog\/wp-content\/uploads\/Inadimplencia-em-condominios-1-768x507.jpg 768w, https:\/\/auxiliadorapredial.com.br\/blog\/wp-content\/uploads\/Inadimplencia-em-condominios-1-1536x1014.jpg 1536w, https:\/\/auxiliadorapredial.com.br\/blog\/wp-content\/uploads\/Inadimplencia-em-condominios-1-2048x1352.jpg 2048w\" sizes=\"(max-width: 2560px) 100vw, 2560px\" \/><\/div>\r\n\t\t<\/a>\r\n\t\t\t\t<div class=\"elementor-post__text\">\r\n\t\t\t\t<h4 class=\"elementor-post__title\">\r\n\t\t\t<a href=\"https:\/\/auxiliadorapredial.com.br\/blog\/inadimplencia-em-condominios-por-que-ela-acontece-e-como-uma-gestao-estruturada-evita-que-vire-um-problema-maior\/\" >\r\n\t\t\t\tInadimpl\u00eancia em condom\u00ednios: por que ela acontece e como uma gest\u00e3o estruturada evita que vire um problema maior\t\t\t<\/a>\r\n\t\t<\/h4>\r\n\t\t\t\t<\/div>\r\n\t\t\t\t<\/article>\r\n\t\t\t\t<article class=\"elementor-post elementor-grid-item post-17449 post type-post status-publish format-standard has-post-thumbnail hentry category-mercado-imobiliario\">\r\n\t\t\t\t<a class=\"elementor-post__thumbnail__link\" href=\"https:\/\/auxiliadorapredial.com.br\/blog\/vale-a-pena-investir-em-uma-franquia-imobiliaria-custos-retorno-e-o-que-realmente-sustenta-esse-modelo\/\" >\r\n\t\t\t<div class=\"elementor-post__thumbnail\"><img loading=\"lazy\" decoding=\"async\" width=\"2560\" height=\"1696\" src=\"https:\/\/auxiliadorapredial.com.br\/blog\/wp-content\/uploads\/Investir-em-franquia-imobiliaria-scaled.jpg\" class=\"attachment-full size-full wp-image-17467\" alt=\"investir em franquia imobiliaria\" srcset=\"https:\/\/auxiliadorapredial.com.br\/blog\/wp-content\/uploads\/Investir-em-franquia-imobiliaria-scaled.jpg 2560w, https:\/\/auxiliadorapredial.com.br\/blog\/wp-content\/uploads\/Investir-em-franquia-imobiliaria-300x199.jpg 300w, https:\/\/auxiliadorapredial.com.br\/blog\/wp-content\/uploads\/Investir-em-franquia-imobiliaria-1024x678.jpg 1024w, https:\/\/auxiliadorapredial.com.br\/blog\/wp-content\/uploads\/Investir-em-franquia-imobiliaria-768x509.jpg 768w, https:\/\/auxiliadorapredial.com.br\/blog\/wp-content\/uploads\/Investir-em-franquia-imobiliaria-1536x1017.jpg 1536w, https:\/\/auxiliadorapredial.com.br\/blog\/wp-content\/uploads\/Investir-em-franquia-imobiliaria-2048x1357.jpg 2048w\" sizes=\"(max-width: 2560px) 100vw, 2560px\" \/><\/div>\r\n\t\t<\/a>\r\n\t\t\t\t<div class=\"elementor-post__text\">\r\n\t\t\t\t<h4 class=\"elementor-post__title\">\r\n\t\t\t<a href=\"https:\/\/auxiliadorapredial.com.br\/blog\/vale-a-pena-investir-em-uma-franquia-imobiliaria-custos-retorno-e-o-que-realmente-sustenta-esse-modelo\/\" >\r\n\t\t\t\tVale a pena investir em uma franquia imobili\u00e1ria? Custos, retorno e o que realmente sustenta esse modelo\t\t\t<\/a>\r\n\t\t<\/h4>\r\n\t\t\t\t<\/div>\r\n\t\t\t\t<\/article>\r\n\t\t\t\t<\/div>\r\n\r\n\r\n\t\t\r\n\t\t\t\t<\/div>\n\t\t\t\t<\/div>\n\t\t\t\t\t<\/div>\n\t\t<\/div>\n\t\t\t\t\t<\/div>\n\t\t<\/section>\n\t\t\t\t<\/div>\n\t\t","protected":false},"excerpt":{"rendered":"<p>Destaques Guia Bairros\/Cidades Porto Alegre e Regi\u00e3o MetropolitanaInterior Ga\u00fachoLitoral Ga\u00fachoSanta CatarinaS\u00e3o Paulo Anterior Pr\u00f3ximo Porto Alegre e Regi\u00e3o Metropolitana Interior Ga\u00facho Litoral Ga\u00facho Santa Catarina S\u00e3o<\/p>\n","protected":false},"author":2,"featured_media":0,"parent":0,"menu_order":0,"comment_status":"closed","ping_status":"closed","template":"","meta":{"footnotes":""},"class_list":["post-9196","page","type-page","status-publish","hentry"],"yoast_head":"<!-- This site is optimized with the Yoast SEO plugin v27.3 - https:\/\/yoast.com\/product\/yoast-seo-wordpress\/ -->\n<title>Home - Blog da Auxiliadora Predial - Tudo sobre im\u00f3veis e condom\u00ednios<\/title>\n<meta name=\"description\" content=\"Descubra o melhor sobre administra\u00e7\u00e3o de condom\u00ednios, aluguel e compra de im\u00f3veis no Blog da Auxiliadora Predial!\" \/>\n<meta name=\"robots\" content=\"index, follow, max-snippet:-1, max-image-preview:large, max-video-preview:-1\" \/>\n<link rel=\"canonical\" href=\"https:\/\/www.auxiliadorapredial.com.br\/blog\/\" \/>\n<meta property=\"og:locale\" content=\"pt_BR\" \/>\n<meta property=\"og:type\" content=\"article\" \/>\n<meta property=\"og:title\" content=\"Home - Blog da Auxiliadora Predial - Tudo sobre im\u00f3veis e condom\u00ednios\" \/>\n<meta property=\"og:description\" content=\"Descubra o melhor sobre administra\u00e7\u00e3o de condom\u00ednios, aluguel e compra de im\u00f3veis no Blog da Auxiliadora Predial!\" \/>\n<meta property=\"og:url\" content=\"https:\/\/www.auxiliadorapredial.com.br\/blog\/\" \/>\n<meta property=\"og:site_name\" content=\"Blog da Auxiliadora Predial - Tudo sobre im\u00f3veis e condom\u00ednios\" \/>\n<meta property=\"article:modified_time\" content=\"2024-12-13T11:05:34+00:00\" \/>\n<meta property=\"og:image\" content=\"https:\/\/www.auxiliadorapredial.com.br\/blog\/wp-content\/uploads\/porto-alegre-regiao-metropolitana.webp\" \/>\n<meta name=\"twitter:card\" content=\"summary_large_image\" \/>\n<meta name=\"twitter:label1\" content=\"Est. tempo de leitura\" \/>\n\t<meta name=\"twitter:data1\" content=\"3 minutos\" \/>\n<script type=\"application\/ld+json\" class=\"yoast-schema-graph\">{\"@context\":\"https:\\\/\\\/schema.org\",\"@graph\":[{\"@type\":\"WebPage\",\"@id\":\"https:\\\/\\\/www.auxiliadorapredial.com.br\\\/blog\\\/\",\"url\":\"https:\\\/\\\/www.auxiliadorapredial.com.br\\\/blog\\\/\",\"name\":\"Home - Blog da Auxiliadora Predial - Tudo sobre im\u00f3veis e condom\u00ednios\",\"isPartOf\":{\"@id\":\"https:\\\/\\\/www.auxiliadorapredial.com.br\\\/blog\\\/#website\"},\"primaryImageOfPage\":{\"@id\":\"https:\\\/\\\/www.auxiliadorapredial.com.br\\\/blog\\\/#primaryimage\"},\"image\":{\"@id\":\"https:\\\/\\\/www.auxiliadorapredial.com.br\\\/blog\\\/#primaryimage\"},\"thumbnailUrl\":\"https:\\\/\\\/www.auxiliadorapredial.com.br\\\/blog\\\/wp-content\\\/uploads\\\/porto-alegre-regiao-metropolitana.webp\",\"datePublished\":\"2022-08-09T23:45:08+00:00\",\"dateModified\":\"2024-12-13T11:05:34+00:00\",\"description\":\"Descubra o melhor sobre administra\u00e7\u00e3o de condom\u00ednios, aluguel e compra de im\u00f3veis no Blog da Auxiliadora Predial!\",\"inLanguage\":\"pt-BR\",\"potentialAction\":[{\"@type\":\"ReadAction\",\"target\":[\"https:\\\/\\\/www.auxiliadorapredial.com.br\\\/blog\\\/\"]}]},{\"@type\":\"ImageObject\",\"inLanguage\":\"pt-BR\",\"@id\":\"https:\\\/\\\/www.auxiliadorapredial.com.br\\\/blog\\\/#primaryimage\",\"url\":\"https:\\\/\\\/www.auxiliadorapredial.com.br\\\/blog\\\/wp-content\\\/uploads\\\/porto-alegre-regiao-metropolitana.webp\",\"contentUrl\":\"https:\\\/\\\/www.auxiliadorapredial.com.br\\\/blog\\\/wp-content\\\/uploads\\\/porto-alegre-regiao-metropolitana.webp\"},{\"@type\":\"WebSite\",\"@id\":\"https:\\\/\\\/www.auxiliadorapredial.com.br\\\/blog\\\/#website\",\"url\":\"https:\\\/\\\/www.auxiliadorapredial.com.br\\\/blog\\\/\",\"name\":\"Blog da Auxiliadora Predial - Tudo sobre im\u00f3veis e condom\u00ednios\",\"description\":\"Dicas da Auxiliadora Predial sobre aluguel, compra e venda de im\u00f3veis, al\u00e9m de condom\u00ednios. Imobili\u00e1ria em Porto Alegre e interior do RS, Santa Catarina e S\u00e3o Paulo.\",\"potentialAction\":[{\"@type\":\"SearchAction\",\"target\":{\"@type\":\"EntryPoint\",\"urlTemplate\":\"https:\\\/\\\/www.auxiliadorapredial.com.br\\\/blog\\\/?s={search_term_string}\"},\"query-input\":{\"@type\":\"PropertyValueSpecification\",\"valueRequired\":true,\"valueName\":\"search_term_string\"}}],\"inLanguage\":\"pt-BR\"}]}<\/script>\n<!-- \/ Yoast SEO plugin. -->","yoast_head_json":{"title":"Home - Blog da Auxiliadora Predial - Tudo sobre im\u00f3veis e condom\u00ednios","description":"Descubra o melhor sobre administra\u00e7\u00e3o de condom\u00ednios, aluguel e compra de im\u00f3veis no Blog da Auxiliadora Predial!","robots":{"index":"index","follow":"follow","max-snippet":"max-snippet:-1","max-image-preview":"max-image-preview:large","max-video-preview":"max-video-preview:-1"},"canonical":"https:\/\/www.auxiliadorapredial.com.br\/blog\/","og_locale":"pt_BR","og_type":"article","og_title":"Home - Blog da Auxiliadora Predial - Tudo sobre im\u00f3veis e condom\u00ednios","og_description":"Descubra o melhor sobre administra\u00e7\u00e3o de condom\u00ednios, aluguel e compra de im\u00f3veis no Blog da Auxiliadora Predial!","og_url":"https:\/\/www.auxiliadorapredial.com.br\/blog\/","og_site_name":"Blog da Auxiliadora Predial - Tudo sobre im\u00f3veis e condom\u00ednios","article_modified_time":"2024-12-13T11:05:34+00:00","og_image":[{"url":"https:\/\/www.auxiliadorapredial.com.br\/blog\/wp-content\/uploads\/porto-alegre-regiao-metropolitana.webp","type":"","width":"","height":""}],"twitter_card":"summary_large_image","twitter_misc":{"Est. tempo de leitura":"3 minutos"},"schema":{"@context":"https:\/\/schema.org","@graph":[{"@type":"WebPage","@id":"https:\/\/www.auxiliadorapredial.com.br\/blog\/","url":"https:\/\/www.auxiliadorapredial.com.br\/blog\/","name":"Home - Blog da Auxiliadora Predial - Tudo sobre im\u00f3veis e condom\u00ednios","isPartOf":{"@id":"https:\/\/www.auxiliadorapredial.com.br\/blog\/#website"},"primaryImageOfPage":{"@id":"https:\/\/www.auxiliadorapredial.com.br\/blog\/#primaryimage"},"image":{"@id":"https:\/\/www.auxiliadorapredial.com.br\/blog\/#primaryimage"},"thumbnailUrl":"https:\/\/www.auxiliadorapredial.com.br\/blog\/wp-content\/uploads\/porto-alegre-regiao-metropolitana.webp","datePublished":"2022-08-09T23:45:08+00:00","dateModified":"2024-12-13T11:05:34+00:00","description":"Descubra o melhor sobre administra\u00e7\u00e3o de condom\u00ednios, aluguel e compra de im\u00f3veis no Blog da Auxiliadora Predial!","inLanguage":"pt-BR","potentialAction":[{"@type":"ReadAction","target":["https:\/\/www.auxiliadorapredial.com.br\/blog\/"]}]},{"@type":"ImageObject","inLanguage":"pt-BR","@id":"https:\/\/www.auxiliadorapredial.com.br\/blog\/#primaryimage","url":"https:\/\/www.auxiliadorapredial.com.br\/blog\/wp-content\/uploads\/porto-alegre-regiao-metropolitana.webp","contentUrl":"https:\/\/www.auxiliadorapredial.com.br\/blog\/wp-content\/uploads\/porto-alegre-regiao-metropolitana.webp"},{"@type":"WebSite","@id":"https:\/\/www.auxiliadorapredial.com.br\/blog\/#website","url":"https:\/\/www.auxiliadorapredial.com.br\/blog\/","name":"Blog da Auxiliadora Predial - Tudo sobre im\u00f3veis e condom\u00ednios","description":"Dicas da Auxiliadora Predial sobre aluguel, compra e venda de im\u00f3veis, al\u00e9m de condom\u00ednios. Imobili\u00e1ria em Porto Alegre e interior do RS, Santa Catarina e S\u00e3o Paulo.","potentialAction":[{"@type":"SearchAction","target":{"@type":"EntryPoint","urlTemplate":"https:\/\/www.auxiliadorapredial.com.br\/blog\/?s={search_term_string}"},"query-input":{"@type":"PropertyValueSpecification","valueRequired":true,"valueName":"search_term_string"}}],"inLanguage":"pt-BR"}]}},"_links":{"self":[{"href":"https:\/\/auxiliadorapredial.com.br\/blog\/wp-json\/wp\/v2\/pages\/9196","targetHints":{"allow":["GET"]}}],"collection":[{"href":"https:\/\/auxiliadorapredial.com.br\/blog\/wp-json\/wp\/v2\/pages"}],"about":[{"href":"https:\/\/auxiliadorapredial.com.br\/blog\/wp-json\/wp\/v2\/types\/page"}],"author":[{"embeddable":true,"href":"https:\/\/auxiliadorapredial.com.br\/blog\/wp-json\/wp\/v2\/users\/2"}],"replies":[{"embeddable":true,"href":"https:\/\/auxiliadorapredial.com.br\/blog\/wp-json\/wp\/v2\/comments?post=9196"}],"version-history":[{"count":924,"href":"https:\/\/auxiliadorapredial.com.br\/blog\/wp-json\/wp\/v2\/pages\/9196\/revisions"}],"predecessor-version":[{"id":16322,"href":"https:\/\/auxiliadorapredial.com.br\/blog\/wp-json\/wp\/v2\/pages\/9196\/revisions\/16322"}],"wp:attachment":[{"href":"https:\/\/auxiliadorapredial.com.br\/blog\/wp-json\/wp\/v2\/media?parent=9196"}],"curies":[{"name":"wp","href":"https:\/\/api.w.org\/{rel}","templated":true}]}}